{"id":18345,"date":"2023-10-19T08:04:03","date_gmt":"2023-10-19T06:04:03","guid":{"rendered":"https:\/\/www.tischbein-metall.de\/produkt\/conjunto-de-2-patas-de-mesa-en-forma-de-v-de-metal\/"},"modified":"2025-08-06T14:09:36","modified_gmt":"2025-08-06T12:09:36","slug":"conjunto-de-2-patas-de-mesa-en-forma-de-v-de-metal","status":"publish","type":"product","link":"https:\/\/www.tischbein-metall.de\/es\/producto\/conjunto-de-2-patas-de-mesa-en-forma-de-v-de-metal\/","title":{"rendered":"Conjunto de 2 patas de mesa en forma de V de metal"},"content":{"rendered":"\t\t<div data-elementor-type=\"wp-post\" data-elementor-id=\"18345\" class=\"elementor elementor-18345 elementor-17186\">\n\t\t\t\t\t\t<section class=\"elementor-section elementor-top-section elementor-element elementor-element-a2a0930 elementor-section-boxed elementor-section-height-default elementor-section-height-default\" data-id=\"a2a0930\" data-element_type=\"section\">\n\t\t\t\t\t\t<div class=\"elementor-container elementor-column-gap-default\">\n\t\t\t\t\t<div class=\"elementor-column elementor-col-100 elementor-top-column elementor-element elementor-element-c5cfe82\" data-id=\"c5cfe82\" data-element_type=\"column\">\n\t\t\t<div class=\"elementor-widget-wrap elementor-element-populated\">\n\t\t\t\t\t\t<div class=\"elementor-element elementor-element-8db1d8d elementor-widget elementor-widget-text-editor\" data-id=\"8db1d8d\" data-element_type=\"widget\" data-widget_type=\"text-editor.default\">\n\t\t\t\t<div class=\"elementor-widget-container\">\n\t\t\t<style>\/*! elementor - v3.23.0 - 25-07-2024 *\/\n.elementor-widget-text-editor.elementor-drop-cap-view-stacked .elementor-drop-cap{background-color:#69727d;color:#fff}.elementor-widget-text-editor.elementor-drop-cap-view-framed .elementor-drop-cap{color:#69727d;border:3px solid;background-color:transparent}.elementor-widget-text-editor:not(.elementor-drop-cap-view-default) .elementor-drop-cap{margin-top:8px}.elementor-widget-text-editor:not(.elementor-drop-cap-view-default) .elementor-drop-cap-letter{width:1em;height:1em}.elementor-widget-text-editor .elementor-drop-cap{float:left;text-align:center;line-height:1;font-size:50px}.elementor-widget-text-editor .elementor-drop-cap-letter{display:inline-block}<\/style>\t\t\t\t<p>Nuestras <b>patas de mesa en forma de V<\/b> est\u00e1n disponibles en los tama\u00f1os <b>45\/30cm x 42cm<\/b> y <b>77\/50cm x 72cm<\/b>&nbsp;. Estas patas de mesa ofrecen la base ideal para sus proyectos de mesa personalizados, ya sea para mesas de centro, mesas auxiliares, escritorios, mesas de jard\u00edn, mesas de cocina o mesas de comedor. Fabricadas en acero inoxidable resistente, garantizan durabilidad y estabilidad.<\/p>\n<p>Los agujeros alargados (20x10mm) facilitan la fijaci\u00f3n de las estructuras de la mesa, y el grosor del material les permite soportar de manera segura incluso tableros de mesa pesados. Las patas de mesa est\u00e1n disponibles en elegante <b>negro mate<\/b> y atemporado <b>antracita<\/b>, para adaptarse a su estilo personal. Un juego de 2 patas de mesa incluye protecci\u00f3n para el suelo, ideal para superficies delicadas.<\/p>\n<p>Recibir\u00e1s las patas de mesa en un &nbsp;conjunto de 2&nbsp;, que incluyen protecci\u00f3n para el suelo para evitar da\u00f1ar superficies delicadas.<\/p>\n<p>Atemporal &#8211; Vers\u00e1til &#8211; Apasionado I Construcci\u00f3n de muebles DIY seg\u00fan tu gusto<\/p>\n<p>Nuestros diferentes tama\u00f1os (<b>45\/30cm x 42cm<\/b> y <b>77\/50cm x 72cm<\/b>) le permiten crear la mesa perfecta para sus necesidades. De rienda suelta a su creatividad y cree una pieza de mobiliario a su gusto: atemporal, vers\u00e1til y apasionante.<\/p>\t\t\t\t\t\t<\/div>\n\t\t\t\t<\/div>\n\t\t\t\t<div class=\"elementor-element elementor-element-582ee58 elementor-widget-divider--view-line elementor-widget elementor-widget-divider\" data-id=\"582ee58\" data-element_type=\"widget\" data-widget_type=\"divider.default\">\n\t\t\t\t<div class=\"elementor-widget-container\">\n\t\t\t<style>\/*! elementor - v3.23.0 - 25-07-2024 *\/\n.elementor-widget-divider{--divider-border-style:none;--divider-border-width:1px;--divider-color:#0c0d0e;--divider-icon-size:20px;--divider-element-spacing:10px;--divider-pattern-height:24px;--divider-pattern-size:20px;--divider-pattern-url:none;--divider-pattern-repeat:repeat-x}.elementor-widget-divider .elementor-divider{display:flex}.elementor-widget-divider .elementor-divider__text{font-size:15px;line-height:1;max-width:95%}.elementor-widget-divider .elementor-divider__element{margin:0 var(--divider-element-spacing);flex-shrink:0}.elementor-widget-divider .elementor-icon{font-size:var(--divider-icon-size)}.elementor-widget-divider .elementor-divider-separator{display:flex;margin:0;direction:ltr}.elementor-widget-divider--view-line_icon .elementor-divider-separator,.elementor-widget-divider--view-line_text .elementor-divider-separator{align-items:center}.elementor-widget-divider--view-line_icon .elementor-divider-separator:after,.elementor-widget-divider--view-line_icon .elementor-divider-separator:before,.elementor-widget-divider--view-line_text .elementor-divider-separator:after,.elementor-widget-divider--view-line_text .elementor-divider-separator:before{display:block;content:\"\";border-block-end:0;flex-grow:1;border-block-start:var(--divider-border-width) var(--divider-border-style) var(--divider-color)}.elementor-widget-divider--element-align-left .elementor-divider .elementor-divider-separator>.elementor-divider__svg:first-of-type{flex-grow:0;flex-shrink:100}.elementor-widget-divider--element-align-left .elementor-divider-separator:before{content:none}.elementor-widget-divider--element-align-left .elementor-divider__element{margin-left:0}.elementor-widget-divider--element-align-right .elementor-divider .elementor-divider-separator>.elementor-divider__svg:last-of-type{flex-grow:0;flex-shrink:100}.elementor-widget-divider--element-align-right .elementor-divider-separator:after{content:none}.elementor-widget-divider--element-align-right .elementor-divider__element{margin-right:0}.elementor-widget-divider--element-align-start .elementor-divider .elementor-divider-separator>.elementor-divider__svg:first-of-type{flex-grow:0;flex-shrink:100}.elementor-widget-divider--element-align-start .elementor-divider-separator:before{content:none}.elementor-widget-divider--element-align-start .elementor-divider__element{margin-inline-start:0}.elementor-widget-divider--element-align-end .elementor-divider .elementor-divider-separator>.elementor-divider__svg:last-of-type{flex-grow:0;flex-shrink:100}.elementor-widget-divider--element-align-end .elementor-divider-separator:after{content:none}.elementor-widget-divider--element-align-end .elementor-divider__element{margin-inline-end:0}.elementor-widget-divider:not(.elementor-widget-divider--view-line_text):not(.elementor-widget-divider--view-line_icon) .elementor-divider-separator{border-block-start:var(--divider-border-width) var(--divider-border-style) var(--divider-color)}.elementor-widget-divider--separator-type-pattern{--divider-border-style:none}.elementor-widget-divider--separator-type-pattern.elementor-widget-divider--view-line .elementor-divider-separator,.elementor-widget-divider--separator-type-pattern:not(.elementor-widget-divider--view-line) .elementor-divider-separator:after,.elementor-widget-divider--separator-type-pattern:not(.elementor-widget-divider--view-line) .elementor-divider-separator:before,.elementor-widget-divider--separator-type-pattern:not([class*=elementor-widget-divider--view]) .elementor-divider-separator{width:100%;min-height:var(--divider-pattern-height);-webkit-mask-size:var(--divider-pattern-size) 100%;mask-size:var(--divider-pattern-size) 100%;-webkit-mask-repeat:var(--divider-pattern-repeat);mask-repeat:var(--divider-pattern-repeat);background-color:var(--divider-color);-webkit-mask-image:var(--divider-pattern-url);mask-image:var(--divider-pattern-url)}.elementor-widget-divider--no-spacing{--divider-pattern-size:auto}.elementor-widget-divider--bg-round{--divider-pattern-repeat:round}.rtl .elementor-widget-divider .elementor-divider__text{direction:rtl}.e-con-inner>.elementor-widget-divider,.e-con>.elementor-widget-divider{width:var(--container-widget-width,100%);--flex-grow:var(--container-widget-flex-grow)}<\/style>\t\t<div class=\"elementor-divider\">\n\t\t\t<span class=\"elementor-divider-separator\">\n\t\t\t\t\t\t<\/span>\n\t\t<\/div>\n\t\t\t\t<\/div>\n\t\t\t\t<\/div>\n\t\t\t\t<div class=\"elementor-element elementor-element-1b3be51 elementor-widget elementor-widget-image\" data-id=\"1b3be51\" data-element_type=\"widget\" data-widget_type=\"image.default\">\n\t\t\t\t<div class=\"elementor-widget-container\">\n\t\t\t<style>\/*! elementor - v3.23.0 - 25-07-2024 *\/\n.elementor-widget-image{text-align:center}.elementor-widget-image a{display:inline-block}.elementor-widget-image a img[src$=\".svg\"]{width:48px}.elementor-widget-image img{vertical-align:middle;display:inline-block}<\/style>\t\t\t\t\t\t\t\t\t\t<img decoding=\"async\" width=\"150\" height=\"150\" src=\"https:\/\/www.tischbein-metall.de\/wp-content\/uploads\/2022\/10\/eu-flag-circle-150x150.png\" class=\"attachment-thumbnail size-thumbnail wp-image-13391\" alt=\"\" srcset=\"https:\/\/www.tischbein-metall.de\/wp-content\/uploads\/2022\/10\/eu-flag-circle-150x150.png 150w, https:\/\/www.tischbein-metall.de\/wp-content\/uploads\/2022\/10\/eu-flag-circle-570x570.png 570w, https:\/\/www.tischbein-metall.de\/wp-content\/uploads\/2022\/10\/eu-flag-circle-130x130.png 130w, https:\/\/www.tischbein-metall.de\/wp-content\/uploads\/2022\/10\/eu-flag-circle-600x600.png 600w, https:\/\/www.tischbein-metall.de\/wp-content\/uploads\/2022\/10\/eu-flag-circle-300x300.png 300w, https:\/\/www.tischbein-metall.de\/wp-content\/uploads\/2022\/10\/eu-flag-circle-1024x1024.png 1024w, https:\/\/www.tischbein-metall.de\/wp-content\/uploads\/2022\/10\/eu-flag-circle-768x768.png 768w, https:\/\/www.tischbein-metall.de\/wp-content\/uploads\/2022\/10\/eu-flag-circle-12x12.png 12w, https:\/\/www.tischbein-metall.de\/wp-content\/uploads\/2022\/10\/eu-flag-circle.png 1280w\" sizes=\"(max-width: 150px) 100vw, 150px\" \/>\t\t\t\t\t\t\t\t\t\t\t\t\t<\/div>\n\t\t\t\t<\/div>\n\t\t\t\t\t<\/div>\n\t\t<\/div>\n\t\t\t\t\t<\/div>\n\t\t<\/section>\n\t\t\t\t<\/div>\n\t\t","protected":false},"excerpt":{"rendered":"<table class=\"greyGridTable\">\n<tbody>\n<tr>\n<td><img decoding=\"async\" src=\"\/wp-content\/uploads\/2024\/12\/icons-noggi_timeless-design_blk.svg\" alt=\"Icon presenta una l\u00ednea estilizada que simboliza un dise\u00f1o minimalista y atemporal\" width=\"70\" height=\"70\" \/><\/td>\n<td><b>Dise\u00f1o atemporal:<\/b><br \/>\nElegante y adecuado para cualquier interior<\/td>\n<td><img decoding=\"async\" src=\"\/wp-content\/uploads\/2024\/12\/icons-noggi_versatile-fit_blk.svg\" alt=\"El icono muestra una l\u00ednea ajustable que simboliza la adaptabilidad vers\u00e1til\" width=\"70\" height=\"70\" \/><\/td>\n<td><b>Ajuste vers\u00e1til:<\/b><br \/>\nCompatible con cualquier tablero de mesa<\/td>\n<\/tr>\n<tr>\n<td><img loading=\"lazy\" decoding=\"async\" src=\"\/wp-content\/uploads\/2024\/12\/icons-noggi_powder-coated_blk.svg\" alt=\"El icono muestra una lata de spray que simboliza un recubrimiento en polvo de alta calidad para una protecci\u00f3n adicional y un dise\u00f1o moderno\" width=\"70\" height=\"70\" \/><\/td>\n<td><b>Revestimiento en polvo:<\/b><br \/>\nProtege contra el \u00f3xido, con un dise\u00f1o moderno<\/td>\n<td><img loading=\"lazy\" decoding=\"async\" src=\"\/wp-content\/uploads\/2024\/12\/icons-noggi_indoor-outdoor_blk.svg\" alt=\"El icono muestra una casa y un \u00e1rbol, que simbolizan la versatilidad de las aplicaciones de interior y exterior\" width=\"70\" height=\"70\" \/><\/td>\n<td><b>Interior y exterior:<\/b><br \/>\nDuradero y resistente a la intemperie<\/td>\n<\/tr>\n<tr>\n<td><img loading=\"lazy\" decoding=\"async\" src=\"\/wp-content\/uploads\/2024\/12\/icons-noggi_floor-friendly_blk.svg\" alt=\"El icono simboliza los caminos de mesa protectores del suelo con protecci\u00f3n integrada para superficies delicadas\" width=\"70\" height=\"70\" \/><\/td>\n<td><b>Protecci\u00f3n del suelo:<\/b><br \/>\nCuida las superficies delicadas<\/td>\n<td><img loading=\"lazy\" decoding=\"async\" src=\"\/wp-content\/uploads\/2024\/12\/icons-noggi_effortless-assembly_blk.svg\" alt=\"El icono muestra una llave inglesa, s\u00edmbolo de un montaje sencillo y sin esfuerzo\" width=\"70\" height=\"70\" \/><\/td>\n<td><b>Montaje sencillo:<\/b><br \/>\nF\u00e1cil de montar gracias a los orificios pretaladrados<\/td>\n<\/tr>\n<\/tbody>\n<\/table>\n","protected":false},"featured_media":18072,"comment_status":"open","ping_status":"closed","template":"","meta":{"_acf_changed":false,"inline_featured_image":false},"product_cat":[213,614],"product_tag":[],"class_list":{"0":"post-18345","1":"product","2":"type-product","3":"status-publish","4":"has-post-thumbnail","6":"product_cat-patas-de-mesa","7":"product_cat-formas-en-v","8":"pa_farbe-negro-mate","9":"pa_farbe-antracita","10":"pa_groesse-45-30cm-x-42cm-es","11":"pa_groesse-50-77cm-x-72cm-es","13":"first","14":"instock","15":"sale","16":"taxable","17":"shipping-taxable","18":"purchasable","19":"product-type-variable","20":"has-default-attributes"},"acf":[],"yoast_head":"<!-- This site is optimized with the Yoast SEO plugin v25.3 - https:\/\/yoast.com\/wordpress\/plugins\/seo\/ -->\n<title>Conjunto de 2 patas de mesa en forma de V de metal<\/title>\n<meta name=\"description\" content=\"Patas de mesa en forma de V \u2013 Su experto en pies de mesa met\u00e1licos \u2714\ufe0f Fabricado en Europa \u2714\ufe0f Calidad superior \u2714\ufe0f Env\u00edo r\u00e1pido y gratuito\" \/>\n<meta name=\"robots\" content=\"index, follow, max-snippet:-1, max-image-preview:large, max-video-preview:-1\" \/>\n<link rel=\"canonical\" href=\"https:\/\/www.tischbein-metall.de\/es\/producto\/conjunto-de-2-patas-de-mesa-en-forma-de-v-de-metal\/\" \/>\n<meta property=\"og:locale\" content=\"es_ES\" \/>\n<meta property=\"og:type\" content=\"article\" \/>\n<meta property=\"og:title\" content=\"Conjunto de 2 patas de mesa en forma de V de metal\" \/>\n<meta property=\"og:description\" content=\"Patas de mesa en forma de V \u2013 Su experto en pies de mesa met\u00e1licos \u2714\ufe0f Fabricado en Europa \u2714\ufe0f Calidad superior \u2714\ufe0f Env\u00edo r\u00e1pido y gratuito\" \/>\n<meta property=\"og:url\" content=\"https:\/\/www.tischbein-metall.de\/es\/producto\/conjunto-de-2-patas-de-mesa-en-forma-de-v-de-metal\/\" \/>\n<meta property=\"og:site_name\" content=\"Su experto en patas de mesa met\u00e1licas\" \/>\n<meta property=\"article:modified_time\" content=\"2025-08-06T12:09:36+00:00\" \/>\n<meta property=\"og:image\" content=\"https:\/\/www.tischbein-metall.de\/wp-content\/uploads\/2023\/10\/v-forma-negro.jpg\" \/>\n\t<meta property=\"og:image:width\" content=\"2400\" \/>\n\t<meta property=\"og:image:height\" content=\"2400\" \/>\n\t<meta property=\"og:image:type\" content=\"image\/jpeg\" \/>\n<meta name=\"twitter:card\" content=\"summary_large_image\" \/>\n<meta name=\"twitter:label1\" content=\"Tiempo de lectura\" \/>\n\t<meta name=\"twitter:data1\" content=\"2 minutos\" \/>\n<script type=\"application\/ld+json\" class=\"yoast-schema-graph\">{\"@context\":\"https:\/\/schema.org\",\"@graph\":[{\"@type\":\"WebPage\",\"@id\":\"https:\/\/www.tischbein-metall.de\/es\/producto\/conjunto-de-2-patas-de-mesa-en-forma-de-v-de-metal\/\",\"url\":\"https:\/\/www.tischbein-metall.de\/es\/producto\/conjunto-de-2-patas-de-mesa-en-forma-de-v-de-metal\/\",\"name\":\"Conjunto de 2 patas de mesa en forma de V de metal\",\"isPartOf\":{\"@id\":\"https:\/\/www.tischbein-metall.de\/#website\"},\"primaryImageOfPage\":{\"@id\":\"https:\/\/www.tischbein-metall.de\/es\/producto\/conjunto-de-2-patas-de-mesa-en-forma-de-v-de-metal\/#primaryimage\"},\"image\":{\"@id\":\"https:\/\/www.tischbein-metall.de\/es\/producto\/conjunto-de-2-patas-de-mesa-en-forma-de-v-de-metal\/#primaryimage\"},\"thumbnailUrl\":\"https:\/\/www.tischbein-metall.de\/wp-content\/uploads\/2023\/10\/v-forma-negro.jpg\",\"datePublished\":\"2023-10-19T06:04:03+00:00\",\"dateModified\":\"2025-08-06T12:09:36+00:00\",\"description\":\"Patas de mesa en forma de V \u2013 Su experto en pies de mesa met\u00e1licos \u2714\ufe0f Fabricado en Europa \u2714\ufe0f Calidad superior \u2714\ufe0f Env\u00edo r\u00e1pido y gratuito\",\"breadcrumb\":{\"@id\":\"https:\/\/www.tischbein-metall.de\/es\/producto\/conjunto-de-2-patas-de-mesa-en-forma-de-v-de-metal\/#breadcrumb\"},\"inLanguage\":\"es\",\"potentialAction\":[{\"@type\":\"ReadAction\",\"target\":[\"https:\/\/www.tischbein-metall.de\/es\/producto\/conjunto-de-2-patas-de-mesa-en-forma-de-v-de-metal\/\"]}]},{\"@type\":\"ImageObject\",\"inLanguage\":\"es\",\"@id\":\"https:\/\/www.tischbein-metall.de\/es\/producto\/conjunto-de-2-patas-de-mesa-en-forma-de-v-de-metal\/#primaryimage\",\"url\":\"https:\/\/www.tischbein-metall.de\/wp-content\/uploads\/2023\/10\/v-forma-negro.jpg\",\"contentUrl\":\"https:\/\/www.tischbein-metall.de\/wp-content\/uploads\/2023\/10\/v-forma-negro.jpg\",\"width\":2400,\"height\":2400,\"caption\":\"Forma de V Negro\"},{\"@type\":\"BreadcrumbList\",\"@id\":\"https:\/\/www.tischbein-metall.de\/es\/producto\/conjunto-de-2-patas-de-mesa-en-forma-de-v-de-metal\/#breadcrumb\",\"itemListElement\":[{\"@type\":\"ListItem\",\"position\":1,\"name\":\"P\u00e1gina de inicio\",\"item\":\"https:\/\/www.tischbein-metall.de\/es\/\"},{\"@type\":\"ListItem\",\"position\":2,\"name\":\"Productos\",\"item\":\"https:\/\/www.tischbein-metall.de\/es\/productos\/\"},{\"@type\":\"ListItem\",\"position\":3,\"name\":\"Conjunto de 2 patas de mesa en forma de V de metal\"}]},{\"@type\":\"WebSite\",\"@id\":\"https:\/\/www.tischbein-metall.de\/#website\",\"url\":\"https:\/\/www.tischbein-metall.de\/\",\"name\":\"Su experto en patas de mesa met\u00e1licas\",\"description\":\"\",\"potentialAction\":[{\"@type\":\"SearchAction\",\"target\":{\"@type\":\"EntryPoint\",\"urlTemplate\":\"https:\/\/www.tischbein-metall.de\/?s={search_term_string}\"},\"query-input\":{\"@type\":\"PropertyValueSpecification\",\"valueRequired\":true,\"valueName\":\"search_term_string\"}}],\"inLanguage\":\"es\"}]}<\/script>\n<!-- \/ Yoast SEO plugin. -->","yoast_head_json":{"title":"Conjunto de 2 patas de mesa en forma de V de metal","description":"Patas de mesa en forma de V \u2013 Su experto en pies de mesa met\u00e1licos \u2714\ufe0f Fabricado en Europa \u2714\ufe0f Calidad superior \u2714\ufe0f Env\u00edo r\u00e1pido y gratuito","robots":{"index":"index","follow":"follow","max-snippet":"max-snippet:-1","max-image-preview":"max-image-preview:large","max-video-preview":"max-video-preview:-1"},"canonical":"https:\/\/www.tischbein-metall.de\/es\/producto\/conjunto-de-2-patas-de-mesa-en-forma-de-v-de-metal\/","og_locale":"es_ES","og_type":"article","og_title":"Conjunto de 2 patas de mesa en forma de V de metal","og_description":"Patas de mesa en forma de V \u2013 Su experto en pies de mesa met\u00e1licos \u2714\ufe0f Fabricado en Europa \u2714\ufe0f Calidad superior \u2714\ufe0f Env\u00edo r\u00e1pido y gratuito","og_url":"https:\/\/www.tischbein-metall.de\/es\/producto\/conjunto-de-2-patas-de-mesa-en-forma-de-v-de-metal\/","og_site_name":"Su experto en patas de mesa met\u00e1licas","article_modified_time":"2025-08-06T12:09:36+00:00","og_image":[{"width":2400,"height":2400,"url":"https:\/\/www.tischbein-metall.de\/wp-content\/uploads\/2023\/10\/v-forma-negro.jpg","type":"image\/jpeg"}],"twitter_card":"summary_large_image","twitter_misc":{"Tiempo de lectura":"2 minutos"},"schema":{"@context":"https:\/\/schema.org","@graph":[{"@type":"WebPage","@id":"https:\/\/www.tischbein-metall.de\/es\/producto\/conjunto-de-2-patas-de-mesa-en-forma-de-v-de-metal\/","url":"https:\/\/www.tischbein-metall.de\/es\/producto\/conjunto-de-2-patas-de-mesa-en-forma-de-v-de-metal\/","name":"Conjunto de 2 patas de mesa en forma de V de metal","isPartOf":{"@id":"https:\/\/www.tischbein-metall.de\/#website"},"primaryImageOfPage":{"@id":"https:\/\/www.tischbein-metall.de\/es\/producto\/conjunto-de-2-patas-de-mesa-en-forma-de-v-de-metal\/#primaryimage"},"image":{"@id":"https:\/\/www.tischbein-metall.de\/es\/producto\/conjunto-de-2-patas-de-mesa-en-forma-de-v-de-metal\/#primaryimage"},"thumbnailUrl":"https:\/\/www.tischbein-metall.de\/wp-content\/uploads\/2023\/10\/v-forma-negro.jpg","datePublished":"2023-10-19T06:04:03+00:00","dateModified":"2025-08-06T12:09:36+00:00","description":"Patas de mesa en forma de V \u2013 Su experto en pies de mesa met\u00e1licos \u2714\ufe0f Fabricado en Europa \u2714\ufe0f Calidad superior \u2714\ufe0f Env\u00edo r\u00e1pido y gratuito","breadcrumb":{"@id":"https:\/\/www.tischbein-metall.de\/es\/producto\/conjunto-de-2-patas-de-mesa-en-forma-de-v-de-metal\/#breadcrumb"},"inLanguage":"es","potentialAction":[{"@type":"ReadAction","target":["https:\/\/www.tischbein-metall.de\/es\/producto\/conjunto-de-2-patas-de-mesa-en-forma-de-v-de-metal\/"]}]},{"@type":"ImageObject","inLanguage":"es","@id":"https:\/\/www.tischbein-metall.de\/es\/producto\/conjunto-de-2-patas-de-mesa-en-forma-de-v-de-metal\/#primaryimage","url":"https:\/\/www.tischbein-metall.de\/wp-content\/uploads\/2023\/10\/v-forma-negro.jpg","contentUrl":"https:\/\/www.tischbein-metall.de\/wp-content\/uploads\/2023\/10\/v-forma-negro.jpg","width":2400,"height":2400,"caption":"Forma de V Negro"},{"@type":"BreadcrumbList","@id":"https:\/\/www.tischbein-metall.de\/es\/producto\/conjunto-de-2-patas-de-mesa-en-forma-de-v-de-metal\/#breadcrumb","itemListElement":[{"@type":"ListItem","position":1,"name":"P\u00e1gina de inicio","item":"https:\/\/www.tischbein-metall.de\/es\/"},{"@type":"ListItem","position":2,"name":"Productos","item":"https:\/\/www.tischbein-metall.de\/es\/productos\/"},{"@type":"ListItem","position":3,"name":"Conjunto de 2 patas de mesa en forma de V de metal"}]},{"@type":"WebSite","@id":"https:\/\/www.tischbein-metall.de\/#website","url":"https:\/\/www.tischbein-metall.de\/","name":"Su experto en patas de mesa met\u00e1licas","description":"","potentialAction":[{"@type":"SearchAction","target":{"@type":"EntryPoint","urlTemplate":"https:\/\/www.tischbein-metall.de\/?s={search_term_string}"},"query-input":{"@type":"PropertyValueSpecification","valueRequired":true,"valueName":"search_term_string"}}],"inLanguage":"es"}]}},"_links":{"self":[{"href":"https:\/\/www.tischbein-metall.de\/es\/wp-json\/wp\/v2\/product\/18345","targetHints":{"allow":["GET"]}}],"collection":[{"href":"https:\/\/www.tischbein-metall.de\/es\/wp-json\/wp\/v2\/product"}],"about":[{"href":"https:\/\/www.tischbein-metall.de\/es\/wp-json\/wp\/v2\/types\/product"}],"replies":[{"embeddable":true,"href":"https:\/\/www.tischbein-metall.de\/es\/wp-json\/wp\/v2\/comments?post=18345"}],"version-history":[{"count":21,"href":"https:\/\/www.tischbein-metall.de\/es\/wp-json\/wp\/v2\/product\/18345\/revisions"}],"predecessor-version":[{"id":45149,"href":"https:\/\/www.tischbein-metall.de\/es\/wp-json\/wp\/v2\/product\/18345\/revisions\/45149"}],"wp:featuredmedia":[{"embeddable":true,"href":"https:\/\/www.tischbein-metall.de\/es\/wp-json\/wp\/v2\/media\/18072"}],"wp:attachment":[{"href":"https:\/\/www.tischbein-metall.de\/es\/wp-json\/wp\/v2\/media?parent=18345"}],"wp:term":[{"taxonomy":"product_cat","embeddable":true,"href":"https:\/\/www.tischbein-metall.de\/es\/wp-json\/wp\/v2\/product_cat?post=18345"},{"taxonomy":"product_tag","embeddable":true,"href":"https:\/\/www.tischbein-metall.de\/es\/wp-json\/wp\/v2\/product_tag?post=18345"}],"curies":[{"name":"wp","href":"https:\/\/api.w.org\/{rel}","templated":true}]}}