{"id":14057,"date":"2022-10-26T11:22:06","date_gmt":"2022-10-26T09:22:06","guid":{"rendered":"https:\/\/www.tischbein-metall.de\/produkt\/conjunto-de-2-pes-de-mesa-metalicos-em-forma-de-x\/"},"modified":"2025-12-26T18:54:39","modified_gmt":"2025-12-26T17:54:39","slug":"conjunto-de-2-pernas-de-mesa-metalicas-em-forma-de-x","status":"publish","type":"product","link":"https:\/\/www.tischbein-metall.de\/pt-pt\/produto\/conjunto-de-2-pernas-de-mesa-metalicas-em-forma-de-x\/","title":{"rendered":"Conjunto de 2 pernas de mesa met\u00e1licas em forma de X"},"content":{"rendered":"\t\t<div data-elementor-type=\"wp-post\" data-elementor-id=\"14057\" class=\"elementor elementor-14057 elementor-11198\">\n\t\t\t\t\t\t<section class=\"elementor-section elementor-top-section elementor-element elementor-element-dd738a4 elementor-section-boxed elementor-section-height-default elementor-section-height-default\" data-id=\"dd738a4\" data-element_type=\"section\">\n\t\t\t\t\t\t<div class=\"elementor-container elementor-column-gap-default\">\n\t\t\t\t\t<div class=\"elementor-column elementor-col-100 elementor-top-column elementor-element elementor-element-ec2fecc\" data-id=\"ec2fecc\" data-element_type=\"column\">\n\t\t\t<div class=\"elementor-widget-wrap elementor-element-populated\">\n\t\t\t\t\t\t<div class=\"elementor-element elementor-element-bcc6ed5 elementor-widget elementor-widget-text-editor\" data-id=\"bcc6ed5\" data-element_type=\"widget\" data-widget_type=\"text-editor.default\">\n\t\t\t\t<div class=\"elementor-widget-container\">\n\t\t\t<style>\/*! elementor - v3.23.0 - 25-07-2024 *\/\n.elementor-widget-text-editor.elementor-drop-cap-view-stacked .elementor-drop-cap{background-color:#69727d;color:#fff}.elementor-widget-text-editor.elementor-drop-cap-view-framed .elementor-drop-cap{color:#69727d;border:3px solid;background-color:transparent}.elementor-widget-text-editor:not(.elementor-drop-cap-view-default) .elementor-drop-cap{margin-top:8px}.elementor-widget-text-editor:not(.elementor-drop-cap-view-default) .elementor-drop-cap-letter{width:1em;height:1em}.elementor-widget-text-editor .elementor-drop-cap{float:left;text-align:center;line-height:1;font-size:50px}.elementor-widget-text-editor .elementor-drop-cap-letter{display:inline-block}<\/style>\t\t\t\t<p class=\"MsoNormal\"><span style=\"font-family: Roboto; background-image: initial; background-position: initial; background-size: initial; background-repeat: initial; background-attachment: initial; background-origin: initial; background-clip: initial;\">Quem pensava que eram apenas para mostrar, enganou-se. As pernas s\u00e3o<\/span> uma parte importante do design de qualquer mesa e pode ser o catalisador de uma afirma\u00e7\u00e3o de design. As pernas de mesa em forma de X s\u00e3o uma forma simples mas elegante de dar \u00e0 sua mesa um toque industrial. Oferecemos as cores preto e antracite, bem como diferentes comprimentos para se adaptar a qualquer mesa. O nosso design industrial d\u00e1 \u00e0 sua casa um aspeto arrojado, enquanto o nosso material em a\u00e7o inoxid\u00e1vel garante que a sua mesa \u00e9 resistente e durar\u00e1 uma vida.<\/p><p>Crie facilmente mesas e prateleiras individuais com as pe\u00e7as de mobili\u00e1rio correctas. Esta forma \u00e9 perfeita para uma mesa de caf\u00e9, secret\u00e1ria ou mesa de jantar. N\u00e3o se contente com madeira simples ou umas pernas aborrecidas &#8211; melhore o seu espa\u00e7o com estas pernas de mesa em forma de X!<\/p><p>Os orif\u00edcios com ranhuras (20x10mm) permitem que a estrutura da mesa possa ser facilmente fixada. Gra\u00e7as \u00e0 elevada espessura do material utilizado, a estrutura \u00e9 muito resistente permitindo tamb\u00e9m suportar tampos de mesa mais pesados.<\/p><p>Receber\u00e1 as pernas de mesa num conjunto de 2 unidades &#8211; incluindo um pr\u00e1tico protetor de ch\u00e3o para pisos mais delicados.<\/p><p>Intemporal &#8211; Vers\u00e1til &#8211; Apaixonado I Fabrico de m\u00f3veis DIY ao seu gosto<\/p><p>Escolha a mesa perfeita: <strong>30&#215;40 cm<\/strong> para mesas de caf\u00e9 e mesas de apoio; <strong>60&#215;70 cm<\/strong> para secret\u00e1rias, mesas de jardim e mesas de sala de jantar; <strong>80&#215;80 cm<\/strong> para bares, mesas de computador e de escrit\u00f3rio. Desenhe a sua mesa ideal e d\u00ea largas \u00e0 sua criatividade!<\/p>\t\t\t\t\t\t<\/div>\n\t\t\t\t<\/div>\n\t\t\t\t<div class=\"elementor-element elementor-element-87d1786 elementor-widget-divider--view-line elementor-widget elementor-widget-divider\" data-id=\"87d1786\" data-element_type=\"widget\" data-widget_type=\"divider.default\">\n\t\t\t\t<div class=\"elementor-widget-container\">\n\t\t\t<style>\/*! elementor - v3.23.0 - 25-07-2024 *\/\n.elementor-widget-divider{--divider-border-style:none;--divider-border-width:1px;--divider-color:#0c0d0e;--divider-icon-size:20px;--divider-element-spacing:10px;--divider-pattern-height:24px;--divider-pattern-size:20px;--divider-pattern-url:none;--divider-pattern-repeat:repeat-x}.elementor-widget-divider .elementor-divider{display:flex}.elementor-widget-divider .elementor-divider__text{font-size:15px;line-height:1;max-width:95%}.elementor-widget-divider .elementor-divider__element{margin:0 var(--divider-element-spacing);flex-shrink:0}.elementor-widget-divider .elementor-icon{font-size:var(--divider-icon-size)}.elementor-widget-divider .elementor-divider-separator{display:flex;margin:0;direction:ltr}.elementor-widget-divider--view-line_icon .elementor-divider-separator,.elementor-widget-divider--view-line_text .elementor-divider-separator{align-items:center}.elementor-widget-divider--view-line_icon .elementor-divider-separator:after,.elementor-widget-divider--view-line_icon .elementor-divider-separator:before,.elementor-widget-divider--view-line_text .elementor-divider-separator:after,.elementor-widget-divider--view-line_text .elementor-divider-separator:before{display:block;content:\"\";border-block-end:0;flex-grow:1;border-block-start:var(--divider-border-width) var(--divider-border-style) var(--divider-color)}.elementor-widget-divider--element-align-left .elementor-divider .elementor-divider-separator>.elementor-divider__svg:first-of-type{flex-grow:0;flex-shrink:100}.elementor-widget-divider--element-align-left .elementor-divider-separator:before{content:none}.elementor-widget-divider--element-align-left .elementor-divider__element{margin-left:0}.elementor-widget-divider--element-align-right .elementor-divider .elementor-divider-separator>.elementor-divider__svg:last-of-type{flex-grow:0;flex-shrink:100}.elementor-widget-divider--element-align-right .elementor-divider-separator:after{content:none}.elementor-widget-divider--element-align-right .elementor-divider__element{margin-right:0}.elementor-widget-divider--element-align-start .elementor-divider .elementor-divider-separator>.elementor-divider__svg:first-of-type{flex-grow:0;flex-shrink:100}.elementor-widget-divider--element-align-start .elementor-divider-separator:before{content:none}.elementor-widget-divider--element-align-start .elementor-divider__element{margin-inline-start:0}.elementor-widget-divider--element-align-end .elementor-divider .elementor-divider-separator>.elementor-divider__svg:last-of-type{flex-grow:0;flex-shrink:100}.elementor-widget-divider--element-align-end .elementor-divider-separator:after{content:none}.elementor-widget-divider--element-align-end .elementor-divider__element{margin-inline-end:0}.elementor-widget-divider:not(.elementor-widget-divider--view-line_text):not(.elementor-widget-divider--view-line_icon) .elementor-divider-separator{border-block-start:var(--divider-border-width) var(--divider-border-style) var(--divider-color)}.elementor-widget-divider--separator-type-pattern{--divider-border-style:none}.elementor-widget-divider--separator-type-pattern.elementor-widget-divider--view-line .elementor-divider-separator,.elementor-widget-divider--separator-type-pattern:not(.elementor-widget-divider--view-line) .elementor-divider-separator:after,.elementor-widget-divider--separator-type-pattern:not(.elementor-widget-divider--view-line) .elementor-divider-separator:before,.elementor-widget-divider--separator-type-pattern:not([class*=elementor-widget-divider--view]) .elementor-divider-separator{width:100%;min-height:var(--divider-pattern-height);-webkit-mask-size:var(--divider-pattern-size) 100%;mask-size:var(--divider-pattern-size) 100%;-webkit-mask-repeat:var(--divider-pattern-repeat);mask-repeat:var(--divider-pattern-repeat);background-color:var(--divider-color);-webkit-mask-image:var(--divider-pattern-url);mask-image:var(--divider-pattern-url)}.elementor-widget-divider--no-spacing{--divider-pattern-size:auto}.elementor-widget-divider--bg-round{--divider-pattern-repeat:round}.rtl .elementor-widget-divider .elementor-divider__text{direction:rtl}.e-con-inner>.elementor-widget-divider,.e-con>.elementor-widget-divider{width:var(--container-widget-width,100%);--flex-grow:var(--container-widget-flex-grow)}<\/style>\t\t<div class=\"elementor-divider\">\n\t\t\t<span class=\"elementor-divider-separator\">\n\t\t\t\t\t\t<\/span>\n\t\t<\/div>\n\t\t\t\t<\/div>\n\t\t\t\t<\/div>\n\t\t\t\t<div class=\"elementor-element elementor-element-1b25101 elementor-widget elementor-widget-image\" data-id=\"1b25101\" data-element_type=\"widget\" data-widget_type=\"image.default\">\n\t\t\t\t<div class=\"elementor-widget-container\">\n\t\t\t<style>\/*! elementor - v3.23.0 - 25-07-2024 *\/\n.elementor-widget-image{text-align:center}.elementor-widget-image a{display:inline-block}.elementor-widget-image a img[src$=\".svg\"]{width:48px}.elementor-widget-image img{vertical-align:middle;display:inline-block}<\/style>\t\t\t\t\t\t\t\t\t\t<img decoding=\"async\" width=\"150\" height=\"150\" src=\"https:\/\/www.tischbein-metall.de\/wp-content\/uploads\/2022\/10\/eu-flag-circle-150x150.png\" class=\"attachment-thumbnail size-thumbnail wp-image-13390\" alt=\"\" srcset=\"https:\/\/www.tischbein-metall.de\/wp-content\/uploads\/2022\/10\/eu-flag-circle-150x150.png 150w, https:\/\/www.tischbein-metall.de\/wp-content\/uploads\/2022\/10\/eu-flag-circle-570x570.png 570w, https:\/\/www.tischbein-metall.de\/wp-content\/uploads\/2022\/10\/eu-flag-circle-130x130.png 130w, https:\/\/www.tischbein-metall.de\/wp-content\/uploads\/2022\/10\/eu-flag-circle-600x600.png 600w, https:\/\/www.tischbein-metall.de\/wp-content\/uploads\/2022\/10\/eu-flag-circle-300x300.png 300w, https:\/\/www.tischbein-metall.de\/wp-content\/uploads\/2022\/10\/eu-flag-circle-1024x1024.png 1024w, https:\/\/www.tischbein-metall.de\/wp-content\/uploads\/2022\/10\/eu-flag-circle-768x768.png 768w, https:\/\/www.tischbein-metall.de\/wp-content\/uploads\/2022\/10\/eu-flag-circle-12x12.png 12w, https:\/\/www.tischbein-metall.de\/wp-content\/uploads\/2022\/10\/eu-flag-circle.png 1280w\" sizes=\"(max-width: 150px) 100vw, 150px\" \/>\t\t\t\t\t\t\t\t\t\t\t\t\t<\/div>\n\t\t\t\t<\/div>\n\t\t\t\t\t<\/div>\n\t\t<\/div>\n\t\t\t\t\t<\/div>\n\t\t<\/section>\n\t\t\t\t<\/div>\n\t\t","protected":false},"excerpt":{"rendered":"<table class=\"greyGridTable\">\n<tbody>\n<tr>\n<td><img decoding=\"async\" src=\"\/wp-content\/uploads\/2025\/01\/icons-noggi_design-intemporal_blk.svg\" alt=\"\u00cdcone mostra uma linha estilizada que simboliza um design minimalista e intemporal\" width=\"70\" height=\"70\" \/><\/td>\n<td><b>Design intemporal:<\/b><br \/> Elegante e adequado para qualquer interior<\/td>\n<td><img decoding=\"async\" src=\"\/wp-content\/uploads\/2025\/01\/icons-noggi_ajuste-versatil_blk.svg\" alt=\"\u00cdcone mostra uma linha ajust\u00e1vel que simboliza a adaptabilidade vers\u00e1til\" width=\"70\" height=\"70\" \/><\/td>\n<td><b>Ajuste vers\u00e1til:<\/b><br \/> Adequado para qualquer tampo de mesa<\/td>\n<\/tr>\n<tr>\n<td><img loading=\"lazy\" decoding=\"async\" src=\"\/wp-content\/uploads\/2025\/01\/icons-noggi_revestido-a-po_blk.svg\" alt=\"\u00cdcone mostra uma lata de spray que simboliza um revestimento de p\u00f3 de alta qualidade para prote\u00e7\u00e3o adicional e design moderno\" width=\"70\" height=\"70\" \/><\/td>\n<td><b>Revestimento a p\u00f3:<\/b><br \/> Protege contra ferrugem, com um design moderno<\/td>\n<td><img loading=\"lazy\" decoding=\"async\" src=\"\/wp-content\/uploads\/2025\/01\/icons-noggi_interior-exterior_blk.svg\" alt=\"\u00cdcone mostra uma casa e uma \u00e1rvore que simbolizam a versatilidade para uso em interiores e exteriores\" width=\"70\" height=\"70\" \/><\/td>\n<td><b>Interior &#038; Exterior:<\/b><br \/> Dur\u00e1vel e resistente \u00e0s intemp\u00e9ries<\/td>\n<\/tr>\n<tr>\n<td><img loading=\"lazy\" decoding=\"async\" src=\"\/wp-content\/uploads\/2025\/01\/icons-noggi_gentil-com-o-solo_blk.svg\" alt=\"\u00cdcone simboliza p\u00e9s de mesa que protegem o ch\u00e3o, com prote\u00e7\u00e3o integrada para superf\u00edcies sens\u00edveis\" width=\"70\" height=\"70\" \/><\/td>\n<td><b>Prote\u00e7\u00e3o do ch\u00e3o:<\/b><br \/> Protege superf\u00edcies sens\u00edveis<\/td>\n<td><img loading=\"lazy\" decoding=\"async\" src=\"\/wp-content\/uploads\/2025\/01\/icons-noggi_montagem-facil_blk.svg\" alt=\"\u00cdcone mostra uma chave inglesa que simboliza uma montagem simples e sem esfor\u00e7o\" width=\"70\" height=\"70\" \/><\/td>\n<td><b>Montagem f\u00e1cil:<\/b><br \/> Montagem r\u00e1pida gra\u00e7as aos furos pr\u00e9-perfurados<\/td>\n<\/tr>\n<\/tbody>\n<\/table>\n","protected":false},"featured_media":13710,"comment_status":"open","ping_status":"closed","template":"","meta":{"_acf_changed":false,"inline_featured_image":false},"product_cat":[209,211],"product_tag":[],"class_list":{"0":"post-14057","1":"product","2":"type-product","3":"status-publish","4":"has-post-thumbnail","6":"product_cat-pes-de-mesa","7":"product_cat-formas-em-x","8":"pa_farbe-preto-mate","9":"pa_farbe-antracite-pt-pt","10":"pa_groesse-36cm-x-40cm-pt-pt","11":"pa_groesse-66cm-x-70cm-pt-pt","12":"pa_groesse-86cm-x-80cm-pt-pt","14":"first","15":"instock","16":"sale","17":"taxable","18":"shipping-taxable","19":"purchasable","20":"product-type-variable","21":"has-default-attributes"},"acf":[],"yoast_head":"<!-- This site is optimized with the Yoast SEO plugin v25.3 - https:\/\/yoast.com\/wordpress\/plugins\/seo\/ -->\n<title>Pernas de Mesa Met\u00e1licas em X - Durabilidade e Estilo | Noggi<\/title>\n<meta name=\"description\" content=\"Pernas de mesa met\u00e1licas em forma de X \u2013 Su experto en patas de mesa de metal \u2714\ufe0f Fabricado na Europa \u2714\ufe0f Qualidade superior \u2714\ufe0f Envio r\u00e1pido e gratuito\" \/>\n<meta name=\"robots\" content=\"index, follow, max-snippet:-1, max-image-preview:large, max-video-preview:-1\" \/>\n<link rel=\"canonical\" href=\"https:\/\/www.tischbein-metall.de\/pt-pt\/produto\/conjunto-de-2-pernas-de-mesa-metalicas-em-forma-de-x\/\" \/>\n<meta property=\"og:locale\" content=\"pt_PT\" \/>\n<meta property=\"og:type\" content=\"article\" \/>\n<meta property=\"og:title\" content=\"Pernas de Mesa Met\u00e1licas em X - Durabilidade e Estilo | Noggi\" \/>\n<meta property=\"og:description\" content=\"Pernas de mesa met\u00e1licas em forma de X \u2013 Su experto en patas de mesa de metal \u2714\ufe0f Fabricado na Europa \u2714\ufe0f Qualidade superior \u2714\ufe0f Envio r\u00e1pido e gratuito\" \/>\n<meta property=\"og:url\" content=\"https:\/\/www.tischbein-metall.de\/pt-pt\/produto\/conjunto-de-2-pernas-de-mesa-metalicas-em-forma-de-x\/\" \/>\n<meta property=\"og:site_name\" content=\"O seu especialista em p\u00e9s de mesa met\u00e1licos\" \/>\n<meta property=\"article:modified_time\" content=\"2025-12-26T17:54:39+00:00\" \/>\n<meta property=\"og:image\" content=\"https:\/\/www.tischbein-metall.de\/wp-content\/uploads\/2023\/07\/perna-de-mesa-em-forma-de-x-imagem-principal.jpg\" \/>\n\t<meta property=\"og:image:width\" content=\"2400\" \/>\n\t<meta property=\"og:image:height\" content=\"2400\" \/>\n\t<meta property=\"og:image:type\" content=\"image\/jpeg\" \/>\n<meta name=\"twitter:card\" content=\"summary_large_image\" \/>\n<meta name=\"twitter:label1\" content=\"Tempo estimado de leitura\" \/>\n\t<meta name=\"twitter:data1\" content=\"2 minutos\" \/>\n<script type=\"application\/ld+json\" class=\"yoast-schema-graph\">{\"@context\":\"https:\/\/schema.org\",\"@graph\":[{\"@type\":\"WebPage\",\"@id\":\"https:\/\/www.tischbein-metall.de\/pt-pt\/produto\/conjunto-de-2-pernas-de-mesa-metalicas-em-forma-de-x\/\",\"url\":\"https:\/\/www.tischbein-metall.de\/pt-pt\/produto\/conjunto-de-2-pernas-de-mesa-metalicas-em-forma-de-x\/\",\"name\":\"Pernas de Mesa Met\u00e1licas em X - Durabilidade e Estilo | Noggi\",\"isPartOf\":{\"@id\":\"https:\/\/www.tischbein-metall.de\/#website\"},\"primaryImageOfPage\":{\"@id\":\"https:\/\/www.tischbein-metall.de\/pt-pt\/produto\/conjunto-de-2-pernas-de-mesa-metalicas-em-forma-de-x\/#primaryimage\"},\"image\":{\"@id\":\"https:\/\/www.tischbein-metall.de\/pt-pt\/produto\/conjunto-de-2-pernas-de-mesa-metalicas-em-forma-de-x\/#primaryimage\"},\"thumbnailUrl\":\"https:\/\/www.tischbein-metall.de\/wp-content\/uploads\/2023\/07\/perna-de-mesa-em-forma-de-x-imagem-principal.jpg\",\"datePublished\":\"2022-10-26T09:22:06+00:00\",\"dateModified\":\"2025-12-26T17:54:39+00:00\",\"description\":\"Pernas de mesa met\u00e1licas em forma de X \u2013 Su experto en patas de mesa de metal \u2714\ufe0f Fabricado na Europa \u2714\ufe0f Qualidade superior \u2714\ufe0f Envio r\u00e1pido e gratuito\",\"breadcrumb\":{\"@id\":\"https:\/\/www.tischbein-metall.de\/pt-pt\/produto\/conjunto-de-2-pernas-de-mesa-metalicas-em-forma-de-x\/#breadcrumb\"},\"inLanguage\":\"pt-PT\",\"potentialAction\":[{\"@type\":\"ReadAction\",\"target\":[\"https:\/\/www.tischbein-metall.de\/pt-pt\/produto\/conjunto-de-2-pernas-de-mesa-metalicas-em-forma-de-x\/\"]}]},{\"@type\":\"ImageObject\",\"inLanguage\":\"pt-PT\",\"@id\":\"https:\/\/www.tischbein-metall.de\/pt-pt\/produto\/conjunto-de-2-pernas-de-mesa-metalicas-em-forma-de-x\/#primaryimage\",\"url\":\"https:\/\/www.tischbein-metall.de\/wp-content\/uploads\/2023\/07\/perna-de-mesa-em-forma-de-x-imagem-principal.jpg\",\"contentUrl\":\"https:\/\/www.tischbein-metall.de\/wp-content\/uploads\/2023\/07\/perna-de-mesa-em-forma-de-x-imagem-principal.jpg\",\"width\":2400,\"height\":2400,\"caption\":\"Imagem de ambiente com conjunto de mesa de jantar na cozinha com pernas em forma de X em preto\"},{\"@type\":\"BreadcrumbList\",\"@id\":\"https:\/\/www.tischbein-metall.de\/pt-pt\/produto\/conjunto-de-2-pernas-de-mesa-metalicas-em-forma-de-x\/#breadcrumb\",\"itemListElement\":[{\"@type\":\"ListItem\",\"position\":1,\"name\":\"P\u00e1gina inicial\",\"item\":\"https:\/\/www.tischbein-metall.de\/pt-pt\/\"},{\"@type\":\"ListItem\",\"position\":2,\"name\":\"Produtos\",\"item\":\"https:\/\/www.tischbein-metall.de\/pt-pt\/produtos\/\"},{\"@type\":\"ListItem\",\"position\":3,\"name\":\"Conjunto de 2 pernas de mesa met\u00e1licas em forma de X\"}]},{\"@type\":\"WebSite\",\"@id\":\"https:\/\/www.tischbein-metall.de\/#website\",\"url\":\"https:\/\/www.tischbein-metall.de\/\",\"name\":\"O seu especialista em p\u00e9s de mesa met\u00e1licos\",\"description\":\"\",\"potentialAction\":[{\"@type\":\"SearchAction\",\"target\":{\"@type\":\"EntryPoint\",\"urlTemplate\":\"https:\/\/www.tischbein-metall.de\/?s={search_term_string}\"},\"query-input\":{\"@type\":\"PropertyValueSpecification\",\"valueRequired\":true,\"valueName\":\"search_term_string\"}}],\"inLanguage\":\"pt-PT\"}]}<\/script>\n<!-- \/ Yoast SEO plugin. -->","yoast_head_json":{"title":"Pernas de Mesa Met\u00e1licas em X - Durabilidade e Estilo | Noggi","description":"Pernas de mesa met\u00e1licas em forma de X \u2013 Su experto en patas de mesa de metal \u2714\ufe0f Fabricado na Europa \u2714\ufe0f Qualidade superior \u2714\ufe0f Envio r\u00e1pido e gratuito","robots":{"index":"index","follow":"follow","max-snippet":"max-snippet:-1","max-image-preview":"max-image-preview:large","max-video-preview":"max-video-preview:-1"},"canonical":"https:\/\/www.tischbein-metall.de\/pt-pt\/produto\/conjunto-de-2-pernas-de-mesa-metalicas-em-forma-de-x\/","og_locale":"pt_PT","og_type":"article","og_title":"Pernas de Mesa Met\u00e1licas em X - Durabilidade e Estilo | Noggi","og_description":"Pernas de mesa met\u00e1licas em forma de X \u2013 Su experto en patas de mesa de metal \u2714\ufe0f Fabricado na Europa \u2714\ufe0f Qualidade superior \u2714\ufe0f Envio r\u00e1pido e gratuito","og_url":"https:\/\/www.tischbein-metall.de\/pt-pt\/produto\/conjunto-de-2-pernas-de-mesa-metalicas-em-forma-de-x\/","og_site_name":"O seu especialista em p\u00e9s de mesa met\u00e1licos","article_modified_time":"2025-12-26T17:54:39+00:00","og_image":[{"width":2400,"height":2400,"url":"https:\/\/www.tischbein-metall.de\/wp-content\/uploads\/2023\/07\/perna-de-mesa-em-forma-de-x-imagem-principal.jpg","type":"image\/jpeg"}],"twitter_card":"summary_large_image","twitter_misc":{"Tempo estimado de leitura":"2 minutos"},"schema":{"@context":"https:\/\/schema.org","@graph":[{"@type":"WebPage","@id":"https:\/\/www.tischbein-metall.de\/pt-pt\/produto\/conjunto-de-2-pernas-de-mesa-metalicas-em-forma-de-x\/","url":"https:\/\/www.tischbein-metall.de\/pt-pt\/produto\/conjunto-de-2-pernas-de-mesa-metalicas-em-forma-de-x\/","name":"Pernas de Mesa Met\u00e1licas em X - Durabilidade e Estilo | Noggi","isPartOf":{"@id":"https:\/\/www.tischbein-metall.de\/#website"},"primaryImageOfPage":{"@id":"https:\/\/www.tischbein-metall.de\/pt-pt\/produto\/conjunto-de-2-pernas-de-mesa-metalicas-em-forma-de-x\/#primaryimage"},"image":{"@id":"https:\/\/www.tischbein-metall.de\/pt-pt\/produto\/conjunto-de-2-pernas-de-mesa-metalicas-em-forma-de-x\/#primaryimage"},"thumbnailUrl":"https:\/\/www.tischbein-metall.de\/wp-content\/uploads\/2023\/07\/perna-de-mesa-em-forma-de-x-imagem-principal.jpg","datePublished":"2022-10-26T09:22:06+00:00","dateModified":"2025-12-26T17:54:39+00:00","description":"Pernas de mesa met\u00e1licas em forma de X \u2013 Su experto en patas de mesa de metal \u2714\ufe0f Fabricado na Europa \u2714\ufe0f Qualidade superior \u2714\ufe0f Envio r\u00e1pido e gratuito","breadcrumb":{"@id":"https:\/\/www.tischbein-metall.de\/pt-pt\/produto\/conjunto-de-2-pernas-de-mesa-metalicas-em-forma-de-x\/#breadcrumb"},"inLanguage":"pt-PT","potentialAction":[{"@type":"ReadAction","target":["https:\/\/www.tischbein-metall.de\/pt-pt\/produto\/conjunto-de-2-pernas-de-mesa-metalicas-em-forma-de-x\/"]}]},{"@type":"ImageObject","inLanguage":"pt-PT","@id":"https:\/\/www.tischbein-metall.de\/pt-pt\/produto\/conjunto-de-2-pernas-de-mesa-metalicas-em-forma-de-x\/#primaryimage","url":"https:\/\/www.tischbein-metall.de\/wp-content\/uploads\/2023\/07\/perna-de-mesa-em-forma-de-x-imagem-principal.jpg","contentUrl":"https:\/\/www.tischbein-metall.de\/wp-content\/uploads\/2023\/07\/perna-de-mesa-em-forma-de-x-imagem-principal.jpg","width":2400,"height":2400,"caption":"Imagem de ambiente com conjunto de mesa de jantar na cozinha com pernas em forma de X em preto"},{"@type":"BreadcrumbList","@id":"https:\/\/www.tischbein-metall.de\/pt-pt\/produto\/conjunto-de-2-pernas-de-mesa-metalicas-em-forma-de-x\/#breadcrumb","itemListElement":[{"@type":"ListItem","position":1,"name":"P\u00e1gina inicial","item":"https:\/\/www.tischbein-metall.de\/pt-pt\/"},{"@type":"ListItem","position":2,"name":"Produtos","item":"https:\/\/www.tischbein-metall.de\/pt-pt\/produtos\/"},{"@type":"ListItem","position":3,"name":"Conjunto de 2 pernas de mesa met\u00e1licas em forma de X"}]},{"@type":"WebSite","@id":"https:\/\/www.tischbein-metall.de\/#website","url":"https:\/\/www.tischbein-metall.de\/","name":"O seu especialista em p\u00e9s de mesa met\u00e1licos","description":"","potentialAction":[{"@type":"SearchAction","target":{"@type":"EntryPoint","urlTemplate":"https:\/\/www.tischbein-metall.de\/?s={search_term_string}"},"query-input":{"@type":"PropertyValueSpecification","valueRequired":true,"valueName":"search_term_string"}}],"inLanguage":"pt-PT"}]}},"_links":{"self":[{"href":"https:\/\/www.tischbein-metall.de\/pt-pt\/wp-json\/wp\/v2\/product\/14057","targetHints":{"allow":["GET"]}}],"collection":[{"href":"https:\/\/www.tischbein-metall.de\/pt-pt\/wp-json\/wp\/v2\/product"}],"about":[{"href":"https:\/\/www.tischbein-metall.de\/pt-pt\/wp-json\/wp\/v2\/types\/product"}],"replies":[{"embeddable":true,"href":"https:\/\/www.tischbein-metall.de\/pt-pt\/wp-json\/wp\/v2\/comments?post=14057"}],"version-history":[{"count":26,"href":"https:\/\/www.tischbein-metall.de\/pt-pt\/wp-json\/wp\/v2\/product\/14057\/revisions"}],"predecessor-version":[{"id":34381,"href":"https:\/\/www.tischbein-metall.de\/pt-pt\/wp-json\/wp\/v2\/product\/14057\/revisions\/34381"}],"wp:featuredmedia":[{"embeddable":true,"href":"https:\/\/www.tischbein-metall.de\/pt-pt\/wp-json\/wp\/v2\/media\/13710"}],"wp:attachment":[{"href":"https:\/\/www.tischbein-metall.de\/pt-pt\/wp-json\/wp\/v2\/media?parent=14057"}],"wp:term":[{"taxonomy":"product_cat","embeddable":true,"href":"https:\/\/www.tischbein-metall.de\/pt-pt\/wp-json\/wp\/v2\/product_cat?post=14057"},{"taxonomy":"product_tag","embeddable":true,"href":"https:\/\/www.tischbein-metall.de\/pt-pt\/wp-json\/wp\/v2\/product_tag?post=14057"}],"curies":[{"name":"wp","href":"https:\/\/api.w.org\/{rel}","templated":true}]}}