{"id":14065,"date":"2022-10-26T11:12:09","date_gmt":"2022-10-26T09:12:09","guid":{"rendered":"https:\/\/www.tischbein-metall.de\/produkt\/conjunto-de-2-pares-de-marco-de-mesa-rectangular-patas-de-mesa-estructura-de-mesa\/"},"modified":"2026-04-19T23:40:48","modified_gmt":"2026-04-19T21:40:48","slug":"estrutura-retangular-de-mesa","status":"publish","type":"product","link":"https:\/\/www.tischbein-metall.de\/pt-pt\/produto\/estrutura-retangular-de-mesa\/","title":{"rendered":"Conjunto de 2 pernas de marco de mesa rectangulares, estrutura de mesa"},"content":{"rendered":"\t\t<div data-elementor-type=\"wp-post\" data-elementor-id=\"14065\" class=\"elementor elementor-14065 elementor-11195\">\n\t\t\t\t<div class=\"elementor-element elementor-element-e129e6d e-flex e-con-boxed e-con e-parent\" data-id=\"e129e6d\" data-element_type=\"container\">\n\t\t\t\t\t<div class=\"e-con-inner\">\n\t\t<div class=\"elementor-element elementor-element-14c228f e-con-full e-flex e-con e-child\" data-id=\"14c228f\" data-element_type=\"container\">\n\t\t\t\t<div class=\"elementor-element elementor-element-205f5a9 elementor-widget elementor-widget-text-editor\" data-id=\"205f5a9\" data-element_type=\"widget\" data-widget_type=\"text-editor.default\">\n\t\t\t\t<div class=\"elementor-widget-container\">\n\t\t\t<style>\/*! elementor - v3.23.0 - 25-07-2024 *\/\n.elementor-widget-text-editor.elementor-drop-cap-view-stacked .elementor-drop-cap{background-color:#69727d;color:#fff}.elementor-widget-text-editor.elementor-drop-cap-view-framed .elementor-drop-cap{color:#69727d;border:3px solid;background-color:transparent}.elementor-widget-text-editor:not(.elementor-drop-cap-view-default) .elementor-drop-cap{margin-top:8px}.elementor-widget-text-editor:not(.elementor-drop-cap-view-default) .elementor-drop-cap-letter{width:1em;height:1em}.elementor-widget-text-editor .elementor-drop-cap{float:left;text-align:center;line-height:1;font-size:50px}.elementor-widget-text-editor .elementor-drop-cap-letter{display:inline-block}<\/style>\t\t\t\t<p data-start=\"150\" data-end=\"208\"><strong data-start=\"150\" data-end=\"208\"><span class=\"_fadeIn_m1hgl_8\">Estrutura de mesa \u2013 <\/span><span class=\"_fadeIn_m1hgl_8\">A <\/span><span class=\"_fadeIn_m1hgl_8\">base <\/span><span class=\"_fadeIn_m1hgl_8\">perfeita <\/span><span class=\"_fadeIn_m1hgl_8\">para <\/span><span class=\"_fadeIn_m1hgl_8\">os <\/span><span class=\"_fadeIn_m1hgl_8\">seus <\/span><span class=\"_fadeIn_m1hgl_8\">projetos <\/span><span class=\"_fadeIn_m1hgl_8\">de <\/span><span class=\"_fadeIn_m1hgl_8\">mobili\u00e1rio<\/span><\/strong><\/p><p data-start=\"210\" data-end=\"584\">Transforme a sua mesa num destaque de design moderno com as nossas estruturas retangulares de alta qualidade em metal com revestimento em p\u00f3. Combinam estilo e estabilidade, sendo ideais para uso interior e exterior. Seja para mesa de jantar, secret\u00e1ria ou mesa de centro \u2013 estas estruturas conferem um visual elegante e intemporal ao seu m\u00f3vel.<\/p><p data-start=\"586\" data-end=\"624\"><strong data-start=\"586\" data-end=\"624\"><span class=\"_fadeIn_m1hgl_8\">Qualidade <\/span><span class=\"_fadeIn_m1hgl_8\">m\u00e1xima <\/span><span class=\"_fadeIn_m1hgl_8\">para <\/span><span class=\"_fadeIn_m1hgl_8\">os <\/span><span class=\"_fadeIn_m1hgl_8\">seus <\/span><span class=\"_fadeIn_m1hgl_8\">projetos<\/span><\/strong><\/p><ul data-start=\"626\" data-end=\"1026\"><li data-start=\"626\" data-end=\"769\"><p data-start=\"628\" data-end=\"769\"><strong data-start=\"628\" data-end=\"658\"><span class=\"_fadeIn_m1hgl_8\">Estabilidade <\/span><span class=\"_fadeIn_m1hgl_8\">e <\/span><span class=\"_fadeIn_m1hgl_8\">seguran\u00e7a:<\/span><\/strong> <span class=\"_fadeIn_m1hgl_8\">Gra\u00e7as <\/span><span class=\"_fadeIn_m1hgl_8\">ao <\/span><span class=\"_fadeIn_m1hgl_8\">perfil <\/span><span class=\"_fadeIn_m1hgl_8\">quadrado <\/span><span class=\"_fadeIn_m1hgl_8\">robusto, <\/span><span class=\"_fadeIn_m1hgl_8\">a <\/span><span class=\"_fadeIn_m1hgl_8\">sua <\/span><span class=\"_fadeIn_m1hgl_8\">mesa <\/span><span class=\"_fadeIn_m1hgl_8\">ou <\/span><span class=\"_fadeIn_m1hgl_8\">m\u00f3vel <\/span><span class=\"_fadeIn_m1hgl_8\">permanece <\/span><span class=\"_fadeIn_m1hgl_8\">est\u00e1vel <\/span><span class=\"_fadeIn_m1hgl_8\">mesmo <\/span><span class=\"_fadeIn_m1hgl_8\">sob <\/span><span class=\"_fadeIn_m1hgl_8\">grande <\/span><span class=\"_fadeIn_m1hgl_8\">esfor\u00e7o.<\/span><\/p><\/li><li data-start=\"770\" data-end=\"908\"><p data-start=\"772\" data-end=\"908\"><strong data-start=\"772\" data-end=\"797\"><span class=\"_fadeIn_m1hgl_8\">Resist\u00eancia:<\/span><\/strong> <span class=\"_fadeIn_m1hgl_8\">O <\/span><span class=\"_fadeIn_m1hgl_8\">revestimento <\/span><span class=\"_fadeIn_m1hgl_8\">em <\/span><span class=\"_fadeIn_m1hgl_8\">p\u00f3 <\/span><span class=\"_fadeIn_m1hgl_8\">protege <\/span><span class=\"_fadeIn_m1hgl_8\">as <\/span><span class=\"_fadeIn_m1hgl_8\">estruturas <\/span><span class=\"_fadeIn_m1hgl_8\">contra <\/span><span class=\"_fadeIn_m1hgl_8\">riscos, <\/span><span class=\"_fadeIn_m1hgl_8\">corros\u00e3o <\/span><span class=\"_fadeIn_m1hgl_8\">e <\/span><span class=\"_fadeIn_m1hgl_8\">desgaste \u2013 <\/span><span class=\"_fadeIn_m1hgl_8\">ideal <\/span><span class=\"_fadeIn_m1hgl_8\">para <\/span><span class=\"_fadeIn_m1hgl_8\">uso <\/span><span class=\"_fadeIn_m1hgl_8\">interior <\/span><span class=\"_fadeIn_m1hgl_8\">e <\/span><span class=\"_fadeIn_m1hgl_8\">exterior.<\/span><\/p><\/li><li data-start=\"909\" data-end=\"1026\"><p data-start=\"911\" data-end=\"1026\"><strong data-start=\"911\" data-end=\"937\"><span class=\"_fadeIn_m1hgl_8\">Prote\u00e7\u00e3o <\/span><span class=\"_fadeIn_m1hgl_8\">do <\/span><span class=\"_fadeIn_m1hgl_8\">ch\u00e3o <\/span><span class=\"_fadeIn_m1hgl_8\">inclu\u00edda:<\/span><\/strong> <span class=\"_fadeIn_m1hgl_8\">Evita <\/span><span class=\"_fadeIn_m1hgl_8\">riscos <\/span><span class=\"_fadeIn_m1hgl_8\">em <\/span><span class=\"_fadeIn_m1hgl_8\">superf\u00edcies <\/span><span class=\"_fadeIn_m1hgl_8\">sens\u00edveis <\/span><span class=\"_fadeIn_m1hgl_8\">e <\/span><span class=\"_fadeIn_m1hgl_8\">garante <\/span><span class=\"_fadeIn_m1hgl_8\">uma <\/span><span class=\"_fadeIn_m1hgl_8\">posi\u00e7\u00e3o <\/span><span class=\"_fadeIn_m1hgl_8\">antiderrapante.<\/span><\/p><\/li><\/ul>\t\t\t\t\t\t<\/div>\n\t\t\t\t<\/div>\n\t\t\t\t<\/div>\n\t\t<div class=\"elementor-element elementor-element-9306d1b e-con-full e-flex e-con e-child\" data-id=\"9306d1b\" data-element_type=\"container\">\n\t\t\t\t<div class=\"elementor-element elementor-element-ffb2fa1 elementor-widget elementor-widget-image\" data-id=\"ffb2fa1\" data-element_type=\"widget\" data-widget_type=\"image.default\">\n\t\t\t\t<div class=\"elementor-widget-container\">\n\t\t\t<style>\/*! elementor - v3.23.0 - 25-07-2024 *\/\n.elementor-widget-image{text-align:center}.elementor-widget-image a{display:inline-block}.elementor-widget-image a img[src$=\".svg\"]{width:48px}.elementor-widget-image img{vertical-align:middle;display:inline-block}<\/style>\t\t\t\t\t\t\t\t\t\t<img fetchpriority=\"high\" decoding=\"async\" width=\"640\" height=\"731\" src=\"https:\/\/www.tischbein-metall.de\/wp-content\/uploads\/2022\/10\/estrutura-mesa-com-protecao-do-chao-896x1024.jpg\" class=\"attachment-large size-large wp-image-46113\" alt=\"Estrutura retangular com prote\u00e7\u00e3o do ch\u00e3o inclu\u00edda e a\u00e7o de 3 mm \u2013 ideal para interiores\" srcset=\"https:\/\/www.tischbein-metall.de\/wp-content\/uploads\/2022\/10\/estrutura-mesa-com-protecao-do-chao-896x1024.jpg 896w, https:\/\/www.tischbein-metall.de\/wp-content\/uploads\/2022\/10\/estrutura-mesa-com-protecao-do-chao-263x300.jpg 263w, https:\/\/www.tischbein-metall.de\/wp-content\/uploads\/2022\/10\/estrutura-mesa-com-protecao-do-chao-768x878.jpg 768w, https:\/\/www.tischbein-metall.de\/wp-content\/uploads\/2022\/10\/estrutura-mesa-com-protecao-do-chao-1344x1536.jpg 1344w, https:\/\/www.tischbein-metall.de\/wp-content\/uploads\/2022\/10\/estrutura-mesa-com-protecao-do-chao-600x686.jpg 600w, https:\/\/www.tischbein-metall.de\/wp-content\/uploads\/2022\/10\/estrutura-mesa-com-protecao-do-chao.jpg 1400w\" sizes=\"(max-width: 640px) 100vw, 640px\" \/>\t\t\t\t\t\t\t\t\t\t\t\t\t<\/div>\n\t\t\t\t<\/div>\n\t\t\t\t<\/div>\n\t\t\t\t\t<\/div>\n\t\t\t\t<\/div>\n\t\t<div class=\"elementor-element elementor-element-aae5173 e-flex e-con-boxed e-con e-parent\" data-id=\"aae5173\" data-element_type=\"container\">\n\t\t\t\t\t<div class=\"e-con-inner\">\n\t\t<div class=\"elementor-element elementor-element-25b117a e-con-full e-flex e-con e-child\" data-id=\"25b117a\" data-element_type=\"container\">\n\t\t\t\t<div class=\"elementor-element elementor-element-18f0f3e elementor-widget elementor-widget-image\" data-id=\"18f0f3e\" data-element_type=\"widget\" data-widget_type=\"image.default\">\n\t\t\t\t<div class=\"elementor-widget-container\">\n\t\t\t\t\t\t\t\t\t\t\t\t\t<img decoding=\"async\" width=\"640\" height=\"640\" src=\"https:\/\/www.tischbein-metall.de\/wp-content\/uploads\/2025\/06\/noggi-tischkufen-produktbeschreibung-3-1024x1024.jpg\" class=\"attachment-large size-large wp-image-41574\" alt=\"\" srcset=\"https:\/\/www.tischbein-metall.de\/wp-content\/uploads\/2025\/06\/noggi-tischkufen-produktbeschreibung-3-1024x1024.jpg 1024w, https:\/\/www.tischbein-metall.de\/wp-content\/uploads\/2025\/06\/noggi-tischkufen-produktbeschreibung-3-300x300.jpg 300w, https:\/\/www.tischbein-metall.de\/wp-content\/uploads\/2025\/06\/noggi-tischkufen-produktbeschreibung-3-150x150.jpg 150w, https:\/\/www.tischbein-metall.de\/wp-content\/uploads\/2025\/06\/noggi-tischkufen-produktbeschreibung-3-768x768.jpg 768w, https:\/\/www.tischbein-metall.de\/wp-content\/uploads\/2025\/06\/noggi-tischkufen-produktbeschreibung-3-1536x1536.jpg 1536w, https:\/\/www.tischbein-metall.de\/wp-content\/uploads\/2025\/06\/noggi-tischkufen-produktbeschreibung-3-570x570.jpg 570w, https:\/\/www.tischbein-metall.de\/wp-content\/uploads\/2025\/06\/noggi-tischkufen-produktbeschreibung-3-600x600.jpg 600w, https:\/\/www.tischbein-metall.de\/wp-content\/uploads\/2025\/06\/noggi-tischkufen-produktbeschreibung-3-130x130.jpg 130w, https:\/\/www.tischbein-metall.de\/wp-content\/uploads\/2025\/06\/noggi-tischkufen-produktbeschreibung-3-50x50.jpg 50w, https:\/\/www.tischbein-metall.de\/wp-content\/uploads\/2025\/06\/noggi-tischkufen-produktbeschreibung-3-100x100.jpg 100w, https:\/\/www.tischbein-metall.de\/wp-content\/uploads\/2025\/06\/noggi-tischkufen-produktbeschreibung-3.jpg 1800w\" sizes=\"(max-width: 640px) 100vw, 640px\" \/>\t\t\t\t\t\t\t\t\t\t\t\t\t<\/div>\n\t\t\t\t<\/div>\n\t\t\t\t<\/div>\n\t\t<div class=\"elementor-element elementor-element-725182b e-con-full e-flex e-con e-child\" data-id=\"725182b\" data-element_type=\"container\">\n\t\t\t\t<div class=\"elementor-element elementor-element-420081d elementor-widget elementor-widget-text-editor\" data-id=\"420081d\" data-element_type=\"widget\" data-widget_type=\"text-editor.default\">\n\t\t\t\t<div class=\"elementor-widget-container\">\n\t\t\t\t\t\t\t<p><strong>Versatilidade encontra design<\/strong><\/p><p><strong data-start=\"58\" data-end=\"192\">As nossas estruturas de mesa em preto fosco ou antracite combinam com qualquer estilo de decora\u00e7\u00e3o \u2013 do industrial moderno ao r\u00fastico acolhedor.<\/strong><br data-start=\"192\" data-end=\"195\" \/>Gra\u00e7as aos diferentes tamanhos, voc\u00ea mant\u00e9m a flexibilidade e encontra exatamente a medida ideal para o seu projeto.<\/p><ul><li><strong>40 cm x 30 cm<\/strong> \u2013 Perfeito para m\u00f3veis compactos ou pequenas mesas auxiliares.<\/li><li><strong>50 cm x 72 cm, 50 cm x 100 cm<\/strong> \u2013 Ideal para mesas de tamanho m\u00e9dio a grande.<\/li><li><strong>70 cm x 72 cm, 90 cm x 72 cm<\/strong> \u2013 A escolha perfeita para grandes mesas de jantar ou de trabalho.<\/li><\/ul><p><strong data-start=\"96\" data-end=\"140\">D\u00ea aos seus m\u00f3veis um toque especial.<\/strong><br data-start=\"140\" data-end=\"143\" \/>Com as nossas estruturas, voc\u00ea constr\u00f3i m\u00f3veis est\u00e1veis e elegantes que se destacam em qualquer ambiente. Encomende agora e realize suas ideias com qualidade e design.<\/p>\t\t\t\t\t\t<\/div>\n\t\t\t\t<\/div>\n\t\t\t\t<\/div>\n\t\t\t\t\t<\/div>\n\t\t\t\t<\/div>\n\t\t<div class=\"elementor-element elementor-element-434cc19 technische-details e-flex e-con-boxed e-con e-parent\" data-id=\"434cc19\" data-element_type=\"container\" data-settings=\"{&quot;background_background&quot;:&quot;gradient&quot;}\">\n\t\t\t\t\t<div class=\"e-con-inner\">\n\t\t<div class=\"elementor-element elementor-element-3417b9b e-con-full e-flex e-con e-child\" data-id=\"3417b9b\" data-element_type=\"container\">\n\t\t\t\t<div class=\"elementor-element elementor-element-1a67f52 elementor-widget elementor-widget-text-editor\" data-id=\"1a67f52\" data-element_type=\"widget\" data-widget_type=\"text-editor.default\">\n\t\t\t\t<div class=\"elementor-widget-container\">\n\t\t\t\t\t\t\t<p><strong>Vis\u00e3o geral das nossas estruturas de mesa<\/strong><\/p><p>A\u00e7o com revestimento em p\u00f3, formas limpas e v\u00e1rios tamanhos \u2013 aqui voc\u00ea encontra a solu\u00e7\u00e3o ideal para o seu projeto de mesa. Todos os detalhes sobre materiais, medidas e variantes est\u00e3o \u00e0 direita na vis\u00e3o geral.<\/p>\t\t\t\t\t\t<\/div>\n\t\t\t\t<\/div>\n\t\t\t\t<\/div>\n\t\t<div class=\"elementor-element elementor-element-b902c6c e-con-full e-flex e-con e-child\" data-id=\"b902c6c\" data-element_type=\"container\">\n\t\t\t\t<div class=\"elementor-element elementor-element-788ca74 elementor-widget elementor-widget-eael-adv-accordion\" data-id=\"788ca74\" data-element_type=\"widget\" data-widget_type=\"eael-adv-accordion.default\">\n\t\t\t\t<div class=\"elementor-widget-container\">\n\t\t\t        <div class=\"eael-adv-accordion\" id=\"eael-adv-accordion-788ca74\" data-scroll-on-click=\"no\" data-scroll-speed=\"300\" data-accordion-id=\"788ca74\" data-accordion-type=\"accordion\" data-toogle-speed=\"300\">\n    <div class=\"eael-accordion-list\">\n                <div id=\"detalhes-tcnicos\" class=\"elementor-tab-title eael-accordion-header\" tabindex=\"0\" data-tab=\"1\" aria-controls=\"elementor-tab-content-1261\"><span class=\"eael-accordion-tab-title\">Detalhes t\u00e9cnicos<\/span><i aria-hidden=\"true\" class=\"fa-toggle fas fa-angle-down\"><\/i><\/div><div id=\"elementor-tab-content-1261\" class=\"eael-accordion-content clearfix\" data-tab=\"1\" aria-labelledby=\"detalhes-tcnicos\"><table>\n<tbody>\n<tr>\n<td><strong>Perfil tubular em mm<\/strong><\/td>\n<td>70\u00d720 mm<\/td>\n<\/tr>\n<tr>\n<td><strong>Prote\u00e7\u00e3o para o ch\u00e3o inclu\u00edda no conjunto<\/strong><\/td>\n<td>Sim<\/td>\n<\/tr>\n<tr>\n<td><strong>Orif\u00edcios em mm<\/strong><\/td>\n<td>20\u00d710 mm<\/td>\n<\/tr>\n<tr>\n<td><strong>Conte\u00fado da embalagem<\/strong><\/td>\n<td>Conjunto com 2 pe\u00e7as<\/td>\n<\/tr>\n<tr>\n<td><strong>Placa de montagem em mm<\/strong><\/td>\n<td>3 mm<\/td>\n<\/tr>\n<tr>\n<td><strong>Espessura da parede em mm<\/strong><\/td>\n<td>1,8 mm<\/td>\n<\/tr>\n<tr>\n<td><strong>Material<\/strong><\/td>\n<td>A\u00e7o<\/td>\n<\/tr>\n<tr>\n<td><strong>Parafusos inclu\u00eddos no conjunto<\/strong><\/td>\n<td>N\u00e3o<\/td>\n<\/tr>\n<tr>\n<td><strong>Carga m\u00e1xima por conjunto<\/strong><\/td>\n<td>150 kg<\/td>\n<\/tr>\n<tr>\n<td><strong>Apropriado para uso externo<\/strong><\/td>\n<td>Sim, interior e exterior<\/td>\n<\/tr>\n<\/tbody>\n<\/table><\/div>\n                <\/div><div class=\"eael-accordion-list\">\n                <div id=\"escolha-de-cor-e-material\" class=\"elementor-tab-title eael-accordion-header\" tabindex=\"0\" data-tab=\"2\" aria-controls=\"elementor-tab-content-1262\"><span class=\"eael-accordion-tab-title\">Escolha de cor e material<\/span><i aria-hidden=\"true\" class=\"fa-toggle fas fa-angle-down\"><\/i><\/div><div id=\"elementor-tab-content-1262\" class=\"eael-accordion-content clearfix\" data-tab=\"2\" aria-labelledby=\"escolha-de-cor-e-material\"><div><p>\u00a0<\/p><ul><li>Preto fosco em a\u00e7o<\/li><li>Antracite em a\u00e7o<\/li><\/ul><\/div><\/div>\n                <\/div><div class=\"eael-accordion-list\">\n                <div id=\"tamanhos\" class=\"elementor-tab-title eael-accordion-header\" tabindex=\"0\" data-tab=\"3\" aria-controls=\"elementor-tab-content-1263\"><span class=\"eael-accordion-tab-title\">Tamanhos<\/span><i aria-hidden=\"true\" class=\"fa-toggle fas fa-angle-down\"><\/i><\/div><div id=\"elementor-tab-content-1263\" class=\"eael-accordion-content clearfix\" data-tab=\"3\" aria-labelledby=\"tamanhos\"><div><p>\u00a0<\/p><ul><li>40cm x 30cm<\/li><li>50cm x 72cm<\/li><li>50cm x 100cm<\/li><li>70cm x 72cm<\/li><li>90cm x 72cm<\/li><\/ul><\/div><\/div>\n                <\/div><div class=\"eael-accordion-list\">\n                <div id=\"contedo-da-embalagem\" class=\"elementor-tab-title eael-accordion-header\" tabindex=\"0\" data-tab=\"4\" aria-controls=\"elementor-tab-content-1264\"><span class=\"eael-accordion-tab-title\">Conte\u00fado da embalagem<\/span><i aria-hidden=\"true\" class=\"fa-toggle fas fa-angle-down\"><\/i><\/div><div id=\"elementor-tab-content-1264\" class=\"eael-accordion-content clearfix\" data-tab=\"4\" aria-labelledby=\"contedo-da-embalagem\"><div><p>\u00a0<\/p><p>Voc\u00ea receber\u00e1 as nossas estruturas de mesa em conjuntos de 2 unidades, na quantidade escolhida.<\/p><p>Os parafusos n\u00e3o est\u00e3o inclu\u00eddos, pois devem ser selecionados de forma individual conforme o projeto.<\/p><\/div><\/div>\n                <\/div><div class=\"eael-accordion-list\">\n                <div id=\"informaes-do-fabricante\" class=\"elementor-tab-title eael-accordion-header\" tabindex=\"0\" data-tab=\"5\" aria-controls=\"elementor-tab-content-1265\"><span class=\"eael-accordion-tab-title\">Informa\u00e7\u00f5es do fabricante<\/span><i aria-hidden=\"true\" class=\"fa-toggle fas fa-angle-down\"><\/i><\/div><div id=\"elementor-tab-content-1265\" class=\"eael-accordion-content clearfix\" data-tab=\"5\" aria-labelledby=\"informaes-do-fabricante\"><div><p>\u00a0<\/p><p><span style=\"font-size: 16px; font-weight: 500;\">Fabricante:<\/span><br \/>NOGGI COMPLEX<br \/>Ul. D\u0142uga 62 D, 33-170 Tuch\u00f3w, Pol\u00f4nia<br \/>E-Mail: biuro@noggi.com.pl<\/p><p><span style=\"font-size: 16px; font-weight: 500;\">Pessoa respons\u00e1vel pela UE:<\/span><br \/>K-Sport GmbH<br \/>Kiesweg 18<br \/>35396 Gie\u00dfen, Alemanha<br \/>E-Mail: support@tischbein-metall.de<\/p><\/div><\/div>\n                <\/div><\/div>\t\t<\/div>\n\t\t\t\t<\/div>\n\t\t\t\t<\/div>\n\t\t\t\t\t<\/div>\n\t\t\t\t<\/div>\n\t\t<div class=\"elementor-element elementor-element-2bfd5cb e-flex e-con-boxed e-con e-parent\" data-id=\"2bfd5cb\" data-element_type=\"container\" data-settings=\"{&quot;background_background&quot;:&quot;classic&quot;}\">\n\t\t\t\t\t<div class=\"e-con-inner\">\n\t\t<div class=\"elementor-element elementor-element-90d98d0 e-con-full e-flex e-con e-child\" data-id=\"90d98d0\" data-element_type=\"container\">\n\t\t\t\t<div class=\"elementor-element elementor-element-0573db5 elementor-widget elementor-widget-shortcode\" data-id=\"0573db5\" data-element_type=\"widget\" data-widget_type=\"shortcode.default\">\n\t\t\t\t<div class=\"elementor-widget-container\">\n\t\t\t\t\t<div class=\"elementor-shortcode\">\n\t\t<!-- MasterSlider -->\n\t\t<div id=\"P_MS69f257fed6b62\" class=\"master-slider-parent msl ms-parent-id-1\" style=\"max-width:1500px;\">\n\n\t\t\t\n\t\t\t<!-- MasterSlider Main -->\n\t\t\t<div id=\"MS69f257fed6b62\" class=\"master-slider ms-skin-light-3\" >\n\t\t\t\t \t\t\t\t \n\t\t\t\t<div  class=\"ms-slide\" data-delay=\"3\" data-fill-mode=\"fill\"  >\n\t\t\t\t\t<img decoding=\"async\" src=\"https:\/\/www.tischbein-metall.de\/wp-content\/plugins\/master-slider\/public\/assets\/css\/blank.gif\" alt=\"Gartentisch aus hellem Holz mit schwarzen Tischkufen und acht schwarzen St\u00fchlen auf Terrasse\" title=\"\" data-src=\"https:\/\/www.tischbein-metall.de\/wp-content\/uploads\/2025\/05\/tischkufen-kundenbild-1-scaled-e1747738525702.jpeg\" \/>\n\n\n\t<div class=\"ms-thumb\" ><div class=\"ms-tab-context\"><div class=&quot;ms-tab-context&quot;><\/div><\/div>\n<\/div>\n\t\t\t\t<\/div>\n\t\t\t\t<div  class=\"ms-slide\" data-delay=\"3\" data-fill-mode=\"fill\"  >\n\t\t\t\t\t<img decoding=\"async\" src=\"https:\/\/www.tischbein-metall.de\/wp-content\/plugins\/master-slider\/public\/assets\/css\/blank.gif\" alt=\"Hochtisch mit Tischkufen und vier Barhockern in K\u00fcche mit gelber Wand und Fliesenboden\" title=\"\" data-src=\"https:\/\/www.tischbein-metall.de\/wp-content\/uploads\/2025\/05\/tischkufen-kundenbild-2-e1747738604189.jpg\" \/>\n\n\n\t<div class=\"ms-thumb\" ><div class=\"ms-tab-context\"><div class=&quot;ms-tab-context&quot;><\/div><\/div>\n<\/div>\n\t\t\t\t<\/div>\n\t\t\t\t<div  class=\"ms-slide\" data-delay=\"3\" data-fill-mode=\"fill\"  >\n\t\t\t\t\t<img decoding=\"async\" src=\"https:\/\/www.tischbein-metall.de\/wp-content\/plugins\/master-slider\/public\/assets\/css\/blank.gif\" alt=\"Gro\u00dfer Esstisch aus recyceltem Holz mit schwarzen Tischkufen und bunten H\u00e4ngelampen im Esszimmer\" title=\"\" data-src=\"https:\/\/www.tischbein-metall.de\/wp-content\/uploads\/2025\/05\/tischkufen-kundenbild-4-scaled-e1747738933863.jpg\" \/>\n\n\n\t<div class=\"ms-thumb\" ><div class=\"ms-tab-context\"><div class=&quot;ms-tab-context&quot;><\/div><\/div>\n<\/div>\n\t\t\t\t<\/div>\n\t\t\t\t<div  class=\"ms-slide\" data-delay=\"3\" data-fill-mode=\"fill\"  >\n\t\t\t\t\t<img decoding=\"async\" src=\"https:\/\/www.tischbein-metall.de\/wp-content\/plugins\/master-slider\/public\/assets\/css\/blank.gif\" alt=\"Holztisch mit Tischkufen und grauen Polsterst\u00fchlen in gem\u00fctlichem Esszimmer mit Holzboden\" title=\"\" data-src=\"https:\/\/www.tischbein-metall.de\/wp-content\/uploads\/2025\/05\/tischkufen-kundenbild-3-scaled-e1747738702192.jpg\" \/>\n\n\n\t<div class=\"ms-thumb\" ><div class=\"ms-tab-context\"><div class=&quot;ms-tab-context&quot;><\/div><\/div>\n<\/div>\n\t\t\t\t<\/div>\n\t\t\t\t<div  class=\"ms-slide\" data-delay=\"3\" data-fill-mode=\"fill\"  >\n\t\t\t\t\t<img decoding=\"async\" src=\"https:\/\/www.tischbein-metall.de\/wp-content\/plugins\/master-slider\/public\/assets\/css\/blank.gif\" alt=\"Massivholztisch mit schwarzem Kufengestell und naturbelassener Kante in modernem Wohnzimmer\" title=\"\" data-src=\"https:\/\/www.tischbein-metall.de\/wp-content\/uploads\/2025\/05\/tischkufen-kundenbild-6-scaled-e1747738772789.jpeg\" \/>\n\n\n\t<div class=\"ms-thumb\" ><div class=\"ms-tab-context\"><div class=&quot;ms-tab-context&quot;><\/div><\/div>\n<\/div>\n\t\t\t\t<\/div>\n\t\t\t\t<div  class=\"ms-slide\" data-delay=\"3\" data-fill-mode=\"fill\"  >\n\t\t\t\t\t<img decoding=\"async\" src=\"https:\/\/www.tischbein-metall.de\/wp-content\/plugins\/master-slider\/public\/assets\/css\/blank.gif\" alt=\"Esstisch mit rustikaler Holzplatte und schwarzen Tischkufen in historischem Raum mit Steinbogen-Decke\" title=\"\" data-src=\"https:\/\/www.tischbein-metall.de\/wp-content\/uploads\/2025\/05\/tischkufen-kundenbild-5-scaled-e1747738994944.jpeg\" \/>\n\n\n\t<div class=\"ms-thumb\" ><div class=\"ms-tab-context\"><div class=&quot;ms-tab-context&quot;><\/div><\/div>\n<\/div>\n\t\t\t\t<\/div>\n\n\t\t\t<\/div>\n\t\t\t<!-- END MasterSlider Main -->\n\n\t\t\t \n\t\t<\/div>\n\t\t<!-- END MasterSlider -->\n\n\t\t<script>\n\t\t(function ( $ ) {\n\t\t\t\"use strict\";\n\n\t\t\t$(function () {\n\t\t\t\tvar masterslider_6b62 = new MasterSlider();\n\n\t\t\t\t\/\/ slider controls\n\t\t\t\tmasterslider_6b62.control('arrows'     ,{ autohide:false, overVideo:true , hideUnder:768 });\t\t\t\tmasterslider_6b62.control('bullets'    ,{ autohide:true, overVideo:true, dir:'h', align:'bottom' , margin:10  });\n\n\t\t\t\t\/\/ slider setup\n\t\t\t\tmasterslider_6b62.setup(\"MS69f257fed6b62\", {\n\t\t\t\t\t\twidth           : 1000,\n\t\t\t\t\t\theight          : 1000,\n\t\t\t\t\t\tminHeight       : 0,\n\t\t\t\t\t\tspace           : 0,\n\t\t\t\t\t\tstart           : 1,\n\t\t\t\t\t\tgrabCursor      : true,\n\t\t\t\t\t\tswipe           : true,\n\t\t\t\t\t\tmouse           : true,\n\t\t\t\t\t\tlayout          : \"boxed\",\n\t\t\t\t\t\twheel           : false,\n\t\t\t\t\t\tautoplay        : true,\n\t\t\t\t\t\tinstantStartLayers:false,\n\t\t\t\t\t\tloop            : true,\n\t\t\t\t\t\tshuffle         : false,\n\t\t\t\t\t\tpreload         : 0,\n\t\t\t\t\t\theightLimit     : true,\n\t\t\t\t\t\tautoHeight      : false,\n\t\t\t\t\t\tsmoothHeight    : true,\n\t\t\t\t\t\tendPause        : false,\n\t\t\t\t\t\toverPause       : true,\n\t\t\t\t\t\tfillMode        : \"fill\",\n\t\t\t\t\t\tcenterControls  : true,\n\t\t\t\t\t\tstartOnAppear   : false,\n\t\t\t\t\t\tlayersMode      : \"center\",\n\t\t\t\t\t\thideLayers      : false,\n\t\t\t\t\t\tfullscreenMargin: 0,\n\t\t\t\t\t\tspeed           : 20,\n\t\t\t\t\t\tdir             : \"h\",\n\t\t\t\t\t\tparallaxMode    : 'swipe',\n\t\t\t\t\t\tview            : \"basic\"\n\t\t\t\t});\n\n\t\t\t\t\n\t\t\t\twindow.masterslider_instances = window.masterslider_instances || [];\n\t\t\t\twindow.masterslider_instances.push( masterslider_6b62 );\n\t\t\t });\n\n\t\t})(jQuery);\n\t\t<\/script>\n\n<\/div>\n\t\t\t\t<\/div>\n\t\t\t\t<\/div>\n\t\t\t\t<\/div>\n\t\t<div class=\"elementor-element elementor-element-ef46c46 e-con-full e-flex e-con e-child\" data-id=\"ef46c46\" data-element_type=\"container\">\n\t\t\t\t<div class=\"elementor-element elementor-element-5d1d31e elementor-widget elementor-widget-text-editor\" data-id=\"5d1d31e\" data-element_type=\"widget\" data-widget_type=\"text-editor.default\">\n\t\t\t\t<div class=\"elementor-widget-container\">\n\t\t\t\t\t\t\t<h3 style=\"font-size: 16px; color: #7a7a7a; font-weight: 500;\">As nossas estruturas de mesa s\u00e3o extremamente vers\u00e1teis<\/h3><p>Seja uma mesa de jantar simples, uma escrivaninha robusta ou uma pe\u00e7a \u00fanica personalizada \u2013 os nossos clientes mostram o que \u00e9 poss\u00edvel com as <strong>estruturas de mesa<\/strong> e uma boa ideia.<\/p><p>Inspire-se \u2014 talvez a sua mesa seja a pr\u00f3xima!<\/p>\t\t\t\t\t\t<\/div>\n\t\t\t\t<\/div>\n\t\t\t\t<\/div>\n\t\t\t\t\t<\/div>\n\t\t\t\t<\/div>\n\t\t<div class=\"elementor-element elementor-element-3620256 technische-details e-flex e-con-boxed e-con e-parent\" data-id=\"3620256\" data-element_type=\"container\" data-settings=\"{&quot;background_background&quot;:&quot;classic&quot;}\">\n\t\t\t\t\t<div class=\"e-con-inner\">\n\t\t<div class=\"elementor-element elementor-element-0087216 e-con-full e-flex e-con e-child\" data-id=\"0087216\" data-element_type=\"container\">\n\t\t\t\t<div class=\"elementor-element elementor-element-11ccda5 elementor-widget elementor-widget-text-editor\" data-id=\"11ccda5\" data-element_type=\"widget\" data-widget_type=\"text-editor.default\">\n\t\t\t\t<div class=\"elementor-widget-container\">\n\t\t\t\t\t\t\t<p><strong>Perguntas frequentes sobre as nossas estruturas de mesa<\/strong><\/p><p>Aqui voc\u00ea encontra respostas para as perguntas mais importantes sobre envio, montagem, manuten\u00e7\u00e3o e escolha do modelo.<\/p><p>Se ainda tiver alguma d\u00favida, entre em contato conosco \u2014 teremos prazer em ajudar.<\/p>\t\t\t\t\t\t<\/div>\n\t\t\t\t<\/div>\n\t\t\t\t<\/div>\n\t\t<div class=\"elementor-element elementor-element-aa29894 e-con-full e-flex e-con e-child\" data-id=\"aa29894\" data-element_type=\"container\">\n\t\t\t\t<div class=\"elementor-element elementor-element-8416a1d elementor-widget elementor-widget-eael-adv-accordion\" data-id=\"8416a1d\" data-element_type=\"widget\" data-widget_type=\"eael-adv-accordion.default\">\n\t\t\t\t<div class=\"elementor-widget-container\">\n\t\t\t        <div class=\"eael-adv-accordion\" id=\"eael-adv-accordion-8416a1d\" data-scroll-on-click=\"no\" data-scroll-speed=\"300\" data-accordion-id=\"8416a1d\" data-accordion-type=\"toggle\" data-toogle-speed=\"300\">\n    <div class=\"eael-accordion-list\">\n                <div id=\"os-parafusos-esto-includos-na-embalagem\" class=\"elementor-tab-title eael-accordion-header\" tabindex=\"0\" data-tab=\"1\" aria-controls=\"elementor-tab-content-1381\"><span class=\"eael-accordion-tab-title\">Os parafusos est\u00e3o inclu\u00eddos na embalagem?<\/span><i aria-hidden=\"true\" class=\"fa-toggle fas fa-angle-down\"><\/i><\/div><div id=\"elementor-tab-content-1381\" class=\"eael-accordion-content clearfix\" data-tab=\"1\" aria-labelledby=\"os-parafusos-esto-includos-na-embalagem\">Para que voc\u00ea possa escolher os parafusos adequados para o seu tampo de mesa, <strong>nenhum<\/strong> parafuso est\u00e1 inclu\u00eddo no conjunto.<\/div>\n                <\/div><div class=\"eael-accordion-list\">\n                <div id=\"as-estruturas-de-mesa-so-adequadas-para-uso-externo\" class=\"elementor-tab-title eael-accordion-header\" tabindex=\"0\" data-tab=\"2\" aria-controls=\"elementor-tab-content-1382\"><span class=\"eael-accordion-tab-title\">As estruturas de mesa s\u00e3o adequadas para uso externo?<\/span><i aria-hidden=\"true\" class=\"fa-toggle fas fa-angle-down\"><\/i><\/div><div id=\"elementor-tab-content-1382\" class=\"eael-accordion-content clearfix\" data-tab=\"2\" aria-labelledby=\"as-estruturas-de-mesa-so-adequadas-para-uso-externo\">Sim. Gra\u00e7as ao revestimento em p\u00f3, as estruturas podem ser utilizadas tanto em ambientes internos quanto externos.<\/div>\n                <\/div><div class=\"eael-accordion-list\">\n                <div id=\"como-as-estruturas-de-mesa-so-montadas\" class=\"elementor-tab-title eael-accordion-header\" tabindex=\"0\" data-tab=\"3\" aria-controls=\"elementor-tab-content-1383\"><span class=\"eael-accordion-tab-title\">Como as estruturas de mesa s\u00e3o montadas?<\/span><i aria-hidden=\"true\" class=\"fa-toggle fas fa-angle-down\"><\/i><\/div><div id=\"elementor-tab-content-1383\" class=\"eael-accordion-content clearfix\" data-tab=\"3\" aria-labelledby=\"como-as-estruturas-de-mesa-so-montadas\">Cada estrutura possui furos oblongo pr\u00e9-perfurados (20\u00d710 mm). Voc\u00ea pode fix\u00e1-las facilmente ao tampo da mesa com parafusos adequados.<\/div>\n                <\/div><div class=\"eael-accordion-list\">\n                <div id=\"as-protees-de-cho-esto-includas-no-conjunto\" class=\"elementor-tab-title eael-accordion-header\" tabindex=\"0\" data-tab=\"4\" aria-controls=\"elementor-tab-content-1384\"><span class=\"eael-accordion-tab-title\">As prote\u00e7\u00f5es de ch\u00e3o est\u00e3o inclu\u00eddas no conjunto?<\/span><i aria-hidden=\"true\" class=\"fa-toggle fas fa-angle-down\"><\/i><\/div><div id=\"elementor-tab-content-1384\" class=\"eael-accordion-content clearfix\" data-tab=\"4\" aria-labelledby=\"as-protees-de-cho-esto-includas-no-conjunto\">Sim. As prote\u00e7\u00f5es de ch\u00e3o est\u00e3o inclu\u00eddas e garantem uma base est\u00e1vel e prote\u00e7\u00e3o contra riscos.<\/div>\n                <\/div><\/div>\t\t<\/div>\n\t\t\t\t<\/div>\n\t\t\t\t<\/div>\n\t\t\t\t\t<\/div>\n\t\t\t\t<\/div>\n\t\t\t\t<\/div>\n\t\t","protected":false},"excerpt":{"rendered":"<table class=\"greyGridTable\">\n<tbody>\n<tr>\n<td><img decoding=\"async\" src=\"\/wp-content\/uploads\/2025\/01\/icons-noggi_design-intemporal_blk.svg\" alt=\"\u00cdcone mostra uma linha estilizada que simboliza um design minimalista e intemporal\" width=\"70\" height=\"70\" \/><\/td>\n<td><b>Design intemporal:<\/b><br \/>\nElegante e adequado para qualquer interior<\/td>\n<td><img loading=\"lazy\" decoding=\"async\" src=\"\/wp-content\/uploads\/2025\/01\/icons-noggi_ajuste-versatil_blk.svg\" alt=\"\u00cdcone mostra uma linha ajust\u00e1vel que simboliza a adaptabilidade vers\u00e1til\" width=\"70\" height=\"70\" \/><\/td>\n<td><b>Ajuste vers\u00e1til:<\/b><br \/>\nAdequado para qualquer tampo de mesa<\/td>\n<\/tr>\n<tr>\n<td><img loading=\"lazy\" decoding=\"async\" src=\"\/wp-content\/uploads\/2025\/01\/icons-noggi_revestido-a-po_blk.svg\" alt=\"\u00cdcone mostra uma lata de spray que simboliza um revestimento de p\u00f3 de alta qualidade para prote\u00e7\u00e3o adicional e design moderno\" width=\"70\" height=\"70\" \/><\/td>\n<td><b>Revestimento a p\u00f3:<\/b><br \/>\nProtege contra ferrugem, com um design moderno<\/td>\n<td><img loading=\"lazy\" decoding=\"async\" src=\"\/wp-content\/uploads\/2025\/01\/icons-noggi_interior-exterior_blk.svg\" alt=\"\u00cdcone mostra uma casa e uma \u00e1rvore que simbolizam a versatilidade para uso em interiores e exteriores\" width=\"70\" height=\"70\" \/><\/td>\n<td><b>Interior &amp; Exterior:<\/b><br \/>\nDur\u00e1vel e resistente \u00e0s intemp\u00e9ries<\/td>\n<\/tr>\n<tr>\n<td><img loading=\"lazy\" decoding=\"async\" src=\"\/wp-content\/uploads\/2025\/01\/icons-noggi_gentil-com-o-solo_blk.svg\" alt=\"\u00cdcone simboliza p\u00e9s de mesa que protegem o ch\u00e3o, com prote\u00e7\u00e3o integrada para superf\u00edcies sens\u00edveis\" width=\"70\" height=\"70\" \/><\/td>\n<td><b>Prote\u00e7\u00e3o do ch\u00e3o:<\/b><br \/>\nProtege superf\u00edcies sens\u00edveis<\/td>\n<td><img loading=\"lazy\" decoding=\"async\" src=\"\/wp-content\/uploads\/2025\/01\/icons-noggi_montagem-facil_blk.svg\" alt=\"\u00cdcone mostra uma chave inglesa que simboliza uma montagem simples e sem esfor\u00e7o\" width=\"70\" height=\"70\" \/><\/td>\n<td><b>Montagem f\u00e1cil:<\/b><br \/>\nMontagem r\u00e1pida gra\u00e7as aos furos pr\u00e9-perfurados<\/td>\n<\/tr>\n<\/tbody>\n<\/table>\n","protected":false},"featured_media":45956,"comment_status":"open","ping_status":"closed","template":"","meta":{"_acf_changed":false,"inline_featured_image":false},"product_cat":[209,212],"product_tag":[225,428,235,429],"class_list":{"0":"post-14065","1":"product","2":"type-product","3":"status-publish","4":"has-post-thumbnail","6":"product_cat-pes-de-mesa","7":"product_cat-marco-de-mesa-rectangular","8":"product_tag-antracite","9":"product_tag-pe-de-mesa","10":"product_tag-preto","11":"product_tag-suporte-de-mesa-retangular","12":"pa_farbe-preto-mate","13":"pa_farbe-antracite-pt-pt","14":"pa_groesse-30cm-x-40cm-pt-pt","15":"pa_groesse-50cm-x-72cm-pt-pt","16":"pa_groesse-50cm-x-100cm-pt-pt","17":"pa_groesse-70cm-x-72cm-pt-pt","18":"pa_groesse-90cm-x-72cm-pt-pt","19":"product-has-variation-images","21":"first","22":"instock","23":"sale","24":"taxable","25":"shipping-taxable","26":"purchasable","27":"product-type-variable","28":"has-default-attributes"},"acf":[],"yoast_head":"<!-- This site is optimized with the Yoast SEO plugin v25.3 - https:\/\/yoast.com\/wordpress\/plugins\/seo\/ -->\n<title>Estrutura Retangular de Mesa - Alta Qualidade | Tischbein Metall<\/title>\n<meta name=\"description\" content=\"Compre estrutura retangular de mesa em a\u00e7o de alta qualidade na Tischbein Metall. Dur\u00e1vel, f\u00e1cil de montar e perfeita para qualquer projeto. Compre agora!\" \/>\n<meta name=\"robots\" content=\"index, follow, max-snippet:-1, max-image-preview:large, max-video-preview:-1\" \/>\n<link rel=\"canonical\" href=\"https:\/\/www.tischbein-metall.de\/pt-pt\/produto\/estrutura-retangular-de-mesa\/\" \/>\n<meta property=\"og:locale\" content=\"pt_PT\" \/>\n<meta property=\"og:type\" content=\"article\" \/>\n<meta property=\"og:title\" content=\"Estrutura Retangular de Mesa - Alta Qualidade | Tischbein Metall\" \/>\n<meta property=\"og:description\" content=\"Compre estrutura retangular de mesa em a\u00e7o de alta qualidade na Tischbein Metall. Dur\u00e1vel, f\u00e1cil de montar e perfeita para qualquer projeto. Compre agora!\" \/>\n<meta property=\"og:url\" content=\"https:\/\/www.tischbein-metall.de\/pt-pt\/produto\/estrutura-retangular-de-mesa\/\" \/>\n<meta property=\"og:site_name\" content=\"O seu especialista em p\u00e9s de mesa met\u00e1licos\" \/>\n<meta property=\"article:modified_time\" content=\"2026-04-19T21:40:48+00:00\" \/>\n<meta property=\"og:image\" content=\"https:\/\/www.tischbein-metall.de\/wp-content\/uploads\/2022\/10\/estruturas-de-mesa-varias-dimensoes.jpg\" \/>\n\t<meta property=\"og:image:width\" content=\"1800\" \/>\n\t<meta property=\"og:image:height\" content=\"1800\" \/>\n\t<meta property=\"og:image:type\" content=\"image\/jpeg\" \/>\n<meta name=\"twitter:card\" content=\"summary_large_image\" \/>\n<meta name=\"twitter:label1\" content=\"Tempo estimado de leitura\" \/>\n\t<meta name=\"twitter:data1\" content=\"4 minutos\" \/>\n<script type=\"application\/ld+json\" class=\"yoast-schema-graph\">{\"@context\":\"https:\/\/schema.org\",\"@graph\":[{\"@type\":\"WebPage\",\"@id\":\"https:\/\/www.tischbein-metall.de\/pt-pt\/produto\/estrutura-retangular-de-mesa\/\",\"url\":\"https:\/\/www.tischbein-metall.de\/pt-pt\/produto\/estrutura-retangular-de-mesa\/\",\"name\":\"Estrutura Retangular de Mesa - Alta Qualidade | Tischbein Metall\",\"isPartOf\":{\"@id\":\"https:\/\/www.tischbein-metall.de\/#website\"},\"primaryImageOfPage\":{\"@id\":\"https:\/\/www.tischbein-metall.de\/pt-pt\/produto\/estrutura-retangular-de-mesa\/#primaryimage\"},\"image\":{\"@id\":\"https:\/\/www.tischbein-metall.de\/pt-pt\/produto\/estrutura-retangular-de-mesa\/#primaryimage\"},\"thumbnailUrl\":\"https:\/\/www.tischbein-metall.de\/wp-content\/uploads\/2022\/10\/estruturas-de-mesa-varias-dimensoes.jpg\",\"datePublished\":\"2022-10-26T09:12:09+00:00\",\"dateModified\":\"2026-04-19T21:40:48+00:00\",\"description\":\"Compre estrutura retangular de mesa em a\u00e7o de alta qualidade na Tischbein Metall. Dur\u00e1vel, f\u00e1cil de montar e perfeita para qualquer projeto. Compre agora!\",\"breadcrumb\":{\"@id\":\"https:\/\/www.tischbein-metall.de\/pt-pt\/produto\/estrutura-retangular-de-mesa\/#breadcrumb\"},\"inLanguage\":\"pt-PT\",\"potentialAction\":[{\"@type\":\"ReadAction\",\"target\":[\"https:\/\/www.tischbein-metall.de\/pt-pt\/produto\/estrutura-retangular-de-mesa\/\"]}]},{\"@type\":\"ImageObject\",\"inLanguage\":\"pt-PT\",\"@id\":\"https:\/\/www.tischbein-metall.de\/pt-pt\/produto\/estrutura-retangular-de-mesa\/#primaryimage\",\"url\":\"https:\/\/www.tischbein-metall.de\/wp-content\/uploads\/2022\/10\/estruturas-de-mesa-varias-dimensoes.jpg\",\"contentUrl\":\"https:\/\/www.tischbein-metall.de\/wp-content\/uploads\/2022\/10\/estruturas-de-mesa-varias-dimensoes.jpg\",\"width\":1800,\"height\":1800,\"caption\":\"V\u00e1rias estruturas de mesa retangulares com diferentes tamanhos dispon\u00edveis\"},{\"@type\":\"BreadcrumbList\",\"@id\":\"https:\/\/www.tischbein-metall.de\/pt-pt\/produto\/estrutura-retangular-de-mesa\/#breadcrumb\",\"itemListElement\":[{\"@type\":\"ListItem\",\"position\":1,\"name\":\"P\u00e1gina inicial\",\"item\":\"https:\/\/www.tischbein-metall.de\/pt-pt\/\"},{\"@type\":\"ListItem\",\"position\":2,\"name\":\"Produtos\",\"item\":\"https:\/\/www.tischbein-metall.de\/pt-pt\/produtos\/\"},{\"@type\":\"ListItem\",\"position\":3,\"name\":\"Conjunto de 2 pernas de marco de mesa rectangulares, estrutura de mesa\"}]},{\"@type\":\"WebSite\",\"@id\":\"https:\/\/www.tischbein-metall.de\/#website\",\"url\":\"https:\/\/www.tischbein-metall.de\/\",\"name\":\"O seu especialista em p\u00e9s de mesa met\u00e1licos\",\"description\":\"\",\"potentialAction\":[{\"@type\":\"SearchAction\",\"target\":{\"@type\":\"EntryPoint\",\"urlTemplate\":\"https:\/\/www.tischbein-metall.de\/?s={search_term_string}\"},\"query-input\":{\"@type\":\"PropertyValueSpecification\",\"valueRequired\":true,\"valueName\":\"search_term_string\"}}],\"inLanguage\":\"pt-PT\"}]}<\/script>\n<!-- \/ Yoast SEO plugin. -->","yoast_head_json":{"title":"Estrutura Retangular de Mesa - Alta Qualidade | Tischbein Metall","description":"Compre estrutura retangular de mesa em a\u00e7o de alta qualidade na Tischbein Metall. Dur\u00e1vel, f\u00e1cil de montar e perfeita para qualquer projeto. Compre agora!","robots":{"index":"index","follow":"follow","max-snippet":"max-snippet:-1","max-image-preview":"max-image-preview:large","max-video-preview":"max-video-preview:-1"},"canonical":"https:\/\/www.tischbein-metall.de\/pt-pt\/produto\/estrutura-retangular-de-mesa\/","og_locale":"pt_PT","og_type":"article","og_title":"Estrutura Retangular de Mesa - Alta Qualidade | Tischbein Metall","og_description":"Compre estrutura retangular de mesa em a\u00e7o de alta qualidade na Tischbein Metall. Dur\u00e1vel, f\u00e1cil de montar e perfeita para qualquer projeto. Compre agora!","og_url":"https:\/\/www.tischbein-metall.de\/pt-pt\/produto\/estrutura-retangular-de-mesa\/","og_site_name":"O seu especialista em p\u00e9s de mesa met\u00e1licos","article_modified_time":"2026-04-19T21:40:48+00:00","og_image":[{"width":1800,"height":1800,"url":"https:\/\/www.tischbein-metall.de\/wp-content\/uploads\/2022\/10\/estruturas-de-mesa-varias-dimensoes.jpg","type":"image\/jpeg"}],"twitter_card":"summary_large_image","twitter_misc":{"Tempo estimado de leitura":"4 minutos"},"schema":{"@context":"https:\/\/schema.org","@graph":[{"@type":"WebPage","@id":"https:\/\/www.tischbein-metall.de\/pt-pt\/produto\/estrutura-retangular-de-mesa\/","url":"https:\/\/www.tischbein-metall.de\/pt-pt\/produto\/estrutura-retangular-de-mesa\/","name":"Estrutura Retangular de Mesa - Alta Qualidade | Tischbein Metall","isPartOf":{"@id":"https:\/\/www.tischbein-metall.de\/#website"},"primaryImageOfPage":{"@id":"https:\/\/www.tischbein-metall.de\/pt-pt\/produto\/estrutura-retangular-de-mesa\/#primaryimage"},"image":{"@id":"https:\/\/www.tischbein-metall.de\/pt-pt\/produto\/estrutura-retangular-de-mesa\/#primaryimage"},"thumbnailUrl":"https:\/\/www.tischbein-metall.de\/wp-content\/uploads\/2022\/10\/estruturas-de-mesa-varias-dimensoes.jpg","datePublished":"2022-10-26T09:12:09+00:00","dateModified":"2026-04-19T21:40:48+00:00","description":"Compre estrutura retangular de mesa em a\u00e7o de alta qualidade na Tischbein Metall. Dur\u00e1vel, f\u00e1cil de montar e perfeita para qualquer projeto. Compre agora!","breadcrumb":{"@id":"https:\/\/www.tischbein-metall.de\/pt-pt\/produto\/estrutura-retangular-de-mesa\/#breadcrumb"},"inLanguage":"pt-PT","potentialAction":[{"@type":"ReadAction","target":["https:\/\/www.tischbein-metall.de\/pt-pt\/produto\/estrutura-retangular-de-mesa\/"]}]},{"@type":"ImageObject","inLanguage":"pt-PT","@id":"https:\/\/www.tischbein-metall.de\/pt-pt\/produto\/estrutura-retangular-de-mesa\/#primaryimage","url":"https:\/\/www.tischbein-metall.de\/wp-content\/uploads\/2022\/10\/estruturas-de-mesa-varias-dimensoes.jpg","contentUrl":"https:\/\/www.tischbein-metall.de\/wp-content\/uploads\/2022\/10\/estruturas-de-mesa-varias-dimensoes.jpg","width":1800,"height":1800,"caption":"V\u00e1rias estruturas de mesa retangulares com diferentes tamanhos dispon\u00edveis"},{"@type":"BreadcrumbList","@id":"https:\/\/www.tischbein-metall.de\/pt-pt\/produto\/estrutura-retangular-de-mesa\/#breadcrumb","itemListElement":[{"@type":"ListItem","position":1,"name":"P\u00e1gina inicial","item":"https:\/\/www.tischbein-metall.de\/pt-pt\/"},{"@type":"ListItem","position":2,"name":"Produtos","item":"https:\/\/www.tischbein-metall.de\/pt-pt\/produtos\/"},{"@type":"ListItem","position":3,"name":"Conjunto de 2 pernas de marco de mesa rectangulares, estrutura de mesa"}]},{"@type":"WebSite","@id":"https:\/\/www.tischbein-metall.de\/#website","url":"https:\/\/www.tischbein-metall.de\/","name":"O seu especialista em p\u00e9s de mesa met\u00e1licos","description":"","potentialAction":[{"@type":"SearchAction","target":{"@type":"EntryPoint","urlTemplate":"https:\/\/www.tischbein-metall.de\/?s={search_term_string}"},"query-input":{"@type":"PropertyValueSpecification","valueRequired":true,"valueName":"search_term_string"}}],"inLanguage":"pt-PT"}]}},"_links":{"self":[{"href":"https:\/\/www.tischbein-metall.de\/pt-pt\/wp-json\/wp\/v2\/product\/14065","targetHints":{"allow":["GET"]}}],"collection":[{"href":"https:\/\/www.tischbein-metall.de\/pt-pt\/wp-json\/wp\/v2\/product"}],"about":[{"href":"https:\/\/www.tischbein-metall.de\/pt-pt\/wp-json\/wp\/v2\/types\/product"}],"replies":[{"embeddable":true,"href":"https:\/\/www.tischbein-metall.de\/pt-pt\/wp-json\/wp\/v2\/comments?post=14065"}],"version-history":[{"count":39,"href":"https:\/\/www.tischbein-metall.de\/pt-pt\/wp-json\/wp\/v2\/product\/14065\/revisions"}],"predecessor-version":[{"id":46132,"href":"https:\/\/www.tischbein-metall.de\/pt-pt\/wp-json\/wp\/v2\/product\/14065\/revisions\/46132"}],"wp:featuredmedia":[{"embeddable":true,"href":"https:\/\/www.tischbein-metall.de\/pt-pt\/wp-json\/wp\/v2\/media\/45956"}],"wp:attachment":[{"href":"https:\/\/www.tischbein-metall.de\/pt-pt\/wp-json\/wp\/v2\/media?parent=14065"}],"wp:term":[{"taxonomy":"product_cat","embeddable":true,"href":"https:\/\/www.tischbein-metall.de\/pt-pt\/wp-json\/wp\/v2\/product_cat?post=14065"},{"taxonomy":"product_tag","embeddable":true,"href":"https:\/\/www.tischbein-metall.de\/pt-pt\/wp-json\/wp\/v2\/product_tag?post=14065"}],"curies":[{"name":"wp","href":"https:\/\/api.w.org\/{rel}","templated":true}]}}